{"version":"1.0","provider_name":"Archila Abogados","provider_url":"https:\/\/archilaabogados.com\/en","title":"\u00bfGuerra de precios? \u00a1Qu\u00e9 va! - Archila Abogados","type":"rich","width":600,"height":338,"html":"<blockquote class=\"wp-embedded-content\" data-secret=\"qJt85Fj3UT\"><a href=\"https:\/\/archilaabogados.com\/en\/2023\/06\/15\/guerra-de-precios-que-va\/\">\u00bfGuerra de precios? \u00a1Qu\u00e9 va!<\/a><\/blockquote><iframe sandbox=\"allow-scripts\" security=\"restricted\" src=\"https:\/\/archilaabogados.com\/en\/2023\/06\/15\/guerra-de-precios-que-va\/embed\/#?secret=qJt85Fj3UT\" width=\"600\" height=\"338\" title=\"&#8220;\u00bfGuerra de precios? \u00a1Qu\u00e9 va!&#8221; &#8212; Archila Abogados\" data-secret=\"qJt85Fj3UT\" frameborder=\"0\" marginwidth=\"0\" marginheight=\"0\" scrolling=\"no\" class=\"wp-embedded-content\"><\/iframe><script>\n\/*! This file is auto-generated *\/\n!function(d,l){\"use strict\";l.querySelector&&d.addEventListener&&\"undefined\"!=typeof URL&&(d.wp=d.wp||{},d.wp.receiveEmbedMessage||(d.wp.receiveEmbedMessage=function(e){var t=e.data;if((t||t.secret||t.message||t.value)&&!\/[^a-zA-Z0-9]\/.test(t.secret)){for(var s,r,n,a=l.querySelectorAll('iframe[data-secret=\"'+t.secret+'\"]'),o=l.querySelectorAll('blockquote[data-secret=\"'+t.secret+'\"]'),c=new RegExp(\"^https?:$\",\"i\"),i=0;i<o.length;i++)o[i].style.display=\"none\";for(i=0;i<a.length;i++)s=a[i],e.source===s.contentWindow&&(s.removeAttribute(\"style\"),\"height\"===t.message?(1e3<(r=parseInt(t.value,10))?r=1e3:~~r<200&&(r=200),s.height=r):\"link\"===t.message&&(r=new URL(s.getAttribute(\"src\")),n=new URL(t.value),c.test(n.protocol))&&n.host===r.host&&l.activeElement===s&&(d.top.location.href=t.value))}},d.addEventListener(\"message\",d.wp.receiveEmbedMessage,!1),l.addEventListener(\"DOMContentLoaded\",function(){for(var e,t,s=l.querySelectorAll(\"iframe.wp-embedded-content\"),r=0;r<s.length;r++)(t=(e=s[r]).getAttribute(\"data-secret\"))||(t=Math.random().toString(36).substring(2,12),e.src+=\"#?secret=\"+t,e.setAttribute(\"data-secret\",t)),e.contentWindow.postMessage({message:\"ready\",secret:t},\"*\")},!1)))}(window,document);\n\/\/# sourceURL=https:\/\/archilaabogados.com\/wp-includes\/js\/wp-embed.min.js\n<\/script>","description":"Por Jessica Solano Pineda. Directora \u00c1rea Procesal y Litigios Archila Abogados. Hace m\u00e1s de dos semanas que se acab\u00f3 \u201cSuccession\u201d y si bien es cierto que aqu\u00ed no tenemos un Jeryd Mencken de casi presidente como en la serie, el s\u00ed presidente nuestro da mucho de qu\u00e9 hablar. Para la v\u00edspera de celebraci\u00f3n del d\u00eda..."}