{"version":"1.0","provider_name":"Archila Abogados","provider_url":"https:\/\/archilaabogados.com\/en","title":"Rub\u00e9n Silva G\u00f3mez - Archila Abogados","type":"rich","width":600,"height":338,"html":"<blockquote class=\"wp-embedded-content\" data-secret=\"RrdM8TQ5Ig\"><a href=\"https:\/\/archilaabogados.com\/en\/ruben-silva-gomez\/\">Rub\u00e9n Silva G\u00f3mez<\/a><\/blockquote><iframe sandbox=\"allow-scripts\" security=\"restricted\" src=\"https:\/\/archilaabogados.com\/en\/ruben-silva-gomez\/embed\/#?secret=RrdM8TQ5Ig\" width=\"600\" height=\"338\" title=\"&#8220;Rub\u00e9n Silva G\u00f3mez&#8221; &#8212; Archila Abogados\" data-secret=\"RrdM8TQ5Ig\" frameborder=\"0\" marginwidth=\"0\" marginheight=\"0\" scrolling=\"no\" class=\"wp-embedded-content\"><\/iframe><script>\n\/*! This file is auto-generated *\/\n!function(d,l){\"use strict\";l.querySelector&&d.addEventListener&&\"undefined\"!=typeof URL&&(d.wp=d.wp||{},d.wp.receiveEmbedMessage||(d.wp.receiveEmbedMessage=function(e){var t=e.data;if((t||t.secret||t.message||t.value)&&!\/[^a-zA-Z0-9]\/.test(t.secret)){for(var s,r,n,a=l.querySelectorAll('iframe[data-secret=\"'+t.secret+'\"]'),o=l.querySelectorAll('blockquote[data-secret=\"'+t.secret+'\"]'),c=new RegExp(\"^https?:$\",\"i\"),i=0;i<o.length;i++)o[i].style.display=\"none\";for(i=0;i<a.length;i++)s=a[i],e.source===s.contentWindow&&(s.removeAttribute(\"style\"),\"height\"===t.message?(1e3<(r=parseInt(t.value,10))?r=1e3:~~r<200&&(r=200),s.height=r):\"link\"===t.message&&(r=new URL(s.getAttribute(\"src\")),n=new URL(t.value),c.test(n.protocol))&&n.host===r.host&&l.activeElement===s&&(d.top.location.href=t.value))}},d.addEventListener(\"message\",d.wp.receiveEmbedMessage,!1),l.addEventListener(\"DOMContentLoaded\",function(){for(var e,t,s=l.querySelectorAll(\"iframe.wp-embedded-content\"),r=0;r<s.length;r++)(t=(e=s[r]).getAttribute(\"data-secret\"))||(t=Math.random().toString(36).substring(2,12),e.src+=\"#?secret=\"+t,e.setAttribute(\"data-secret\",t)),e.contentWindow.postMessage({message:\"ready\",secret:t},\"*\")},!1)))}(window,document);\n\/\/# sourceURL=https:\/\/archilaabogados.com\/wp-includes\/js\/wp-embed.min.js\n<\/script>","description":"Rub\u00e9n Silva G\u00f3mez EDUCACI\u00d3N EXPERIENCIA CONTACTO EDUCACI\u00d3N Abogado \u2013 Universidad Santo Tom\u00e1s Especializaci\u00f3n \u2013 Derecho privado econ\u00f3mico \u2013 Universidad Santo Tom\u00e1s Especializaci\u00f3n \u2013 Derecho de seguros \u2013 Pontificia Universidad Javeriana EXPERIENCIA Seguros m\u00e9dicos S.A. \u2013 Secretario General de la Seccional Cundinamarca del Instituto de los Seguros Sociales Seguros m\u00e9dicos S.A. \u2013 Jefe oficina jur\u00eddica Superintendencia...","thumbnail_url":"http:\/\/archilaabogados.com\/wp-content\/uploads\/2022\/07\/Ruben-Silva-1024x410.jpg"}