{"id":2172,"date":"2022-06-07T18:46:43","date_gmt":"2022-06-07T18:46:43","guid":{"rendered":"https:\/\/archilaabogados.com\/?page_id=2172"},"modified":"2022-07-18T15:15:52","modified_gmt":"2022-07-18T15:15:52","slug":"adriana-marcella-saetta-del-castillo","status":"publish","type":"page","link":"https:\/\/archilaabogados.com\/en\/adriana-marcella-saetta-del-castillo\/","title":{"rendered":"Adriana Marcella Saetta del Castillo"},"content":{"rendered":"<div data-elementor-type=\"wp-page\" data-elementor-id=\"2172\" class=\"elementor elementor-2172\" data-elementor-post-type=\"page\">\n\t\t\t\t\t\t<section class=\"elementor-section elementor-top-section elementor-element elementor-element-8cf98f8 elementor-section-full_width elementor-hidden-mobile elementor-hidden-tablet elementor-section-height-default elementor-section-height-default\" data-id=\"8cf98f8\" data-element_type=\"section\" data-e-type=\"section\" data-settings=\"{&quot;background_background&quot;:&quot;classic&quot;}\">\n\t\t\t\t\t\t\t<div class=\"elementor-background-overlay\"><\/div>\n\t\t\t\t\t\t\t<div class=\"elementor-container elementor-column-gap-default\">\n\t\t\t\t\t<div class=\"elementor-column elementor-col-33 elementor-top-column elementor-element elementor-element-da65e76\" data-id=\"da65e76\" data-element_type=\"column\" data-e-type=\"column\">\n\t\t\t<div class=\"elementor-widget-wrap\">\n\t\t\t\t\t\t\t<\/div>\n\t\t<\/div>\n\t\t\t\t<div class=\"elementor-column elementor-col-33 elementor-top-column elementor-element elementor-element-08c3557\" data-id=\"08c3557\" data-element_type=\"column\" data-e-type=\"column\">\n\t\t\t<div class=\"elementor-widget-wrap elementor-element-populated\">\n\t\t\t\t\t\t<div class=\"elementor-element elementor-element-f14cd3d elementor-widget elementor-widget-heading\" data-id=\"f14cd3d\" data-element_type=\"widget\" data-e-type=\"widget\" data-widget_type=\"heading.default\">\n\t\t\t\t<div class=\"elementor-widget-container\">\n\t\t\t\t\t<h1 class=\"elementor-heading-title elementor-size-default\">Adriana Marcella Saetta del Castillo<\/h1>\t\t\t\t<\/div>\n\t\t\t\t<\/div>\n\t\t\t\t\t<\/div>\n\t\t<\/div>\n\t\t\t\t<div class=\"elementor-column elementor-col-33 elementor-top-column elementor-element elementor-element-bbd82e7\" data-id=\"bbd82e7\" data-element_type=\"column\" data-e-type=\"column\">\n\t\t\t<div class=\"elementor-widget-wrap\">\n\t\t\t\t\t\t\t<\/div>\n\t\t<\/div>\n\t\t\t\t\t<\/div>\n\t\t<\/section>\n\t\t\t\t<section class=\"elementor-section elementor-top-section elementor-element elementor-element-d32649b elementor-hidden-tablet elementor-hidden-mobile elementor-section-boxed elementor-section-height-default elementor-section-height-default\" data-id=\"d32649b\" data-element_type=\"section\" data-e-type=\"section\" data-settings=\"{&quot;background_background&quot;:&quot;classic&quot;}\">\n\t\t\t\t\t\t\t<div class=\"elementor-background-overlay\"><\/div>\n\t\t\t\t\t\t\t<div class=\"elementor-container elementor-column-gap-default\">\n\t\t\t\t\t<div class=\"elementor-column elementor-col-100 elementor-top-column elementor-element elementor-element-227863a\" data-id=\"227863a\" data-element_type=\"column\" data-e-type=\"column\">\n\t\t\t<div class=\"elementor-widget-wrap elementor-element-populated\">\n\t\t\t\t\t\t<div class=\"elementor-element elementor-element-3f7b1d9 elementor-tabs-alignment-center elementor-tabs-view-horizontal elementor-widget elementor-widget-tabs\" data-id=\"3f7b1d9\" data-element_type=\"widget\" data-e-type=\"widget\" data-widget_type=\"tabs.default\">\n\t\t\t\t<div class=\"elementor-widget-container\">\n\t\t\t\t\t\t\t<div class=\"elementor-tabs\">\n\t\t\t<div class=\"elementor-tabs-wrapper\" role=\"tablist\" >\n\t\t\t\t\t\t\t\t\t<div id=\"elementor-tab-title-6651\" class=\"elementor-tab-title elementor-tab-desktop-title\" aria-selected=\"true\" data-tab=\"1\" role=\"tab\" tabindex=\"0\" aria-controls=\"elementor-tab-content-6651\" aria-expanded=\"false\">EDUCACI\u00d3N<\/div>\n\t\t\t\t\t\t\t\t\t<div id=\"elementor-tab-title-6652\" class=\"elementor-tab-title elementor-tab-desktop-title\" aria-selected=\"false\" data-tab=\"2\" role=\"tab\" tabindex=\"-1\" aria-controls=\"elementor-tab-content-6652\" aria-expanded=\"false\">EXPERIENCIA<\/div>\n\t\t\t\t\t\t\t\t\t<div id=\"elementor-tab-title-6653\" class=\"elementor-tab-title elementor-tab-desktop-title\" aria-selected=\"false\" data-tab=\"3\" role=\"tab\" tabindex=\"-1\" aria-controls=\"elementor-tab-content-6653\" aria-expanded=\"false\">CONTACTO<\/div>\n\t\t\t\t\t\t\t<\/div>\n\t\t\t<div class=\"elementor-tabs-content-wrapper\" role=\"tablist\" aria-orientation=\"vertical\">\n\t\t\t\t\t\t\t\t\t<div class=\"elementor-tab-title elementor-tab-mobile-title\" aria-selected=\"true\" data-tab=\"1\" role=\"tab\" tabindex=\"0\" aria-controls=\"elementor-tab-content-6651\" aria-expanded=\"false\">EDUCACI\u00d3N<\/div>\n\t\t\t\t\t<div id=\"elementor-tab-content-6651\" class=\"elementor-tab-content elementor-clearfix\" data-tab=\"1\" role=\"tabpanel\" aria-labelledby=\"elementor-tab-title-6651\" tabindex=\"0\" hidden=\"false\"><ul><li>Abogado &#8211; Universidad de los Andes.<\/li><li>Especializaci\u00f3n &#8211; Derecho Comercial de la Universidad de Los Andes.<\/li><li>Diplomado &#8211; Derecho de la Competencia &#8211; Universidad Externado de Colombia.<\/li><\/ul><\/div>\n\t\t\t\t\t\t\t\t\t<div class=\"elementor-tab-title elementor-tab-mobile-title\" aria-selected=\"false\" data-tab=\"2\" role=\"tab\" tabindex=\"-1\" aria-controls=\"elementor-tab-content-6652\" aria-expanded=\"false\">EXPERIENCIA<\/div>\n\t\t\t\t\t<div id=\"elementor-tab-content-6652\" class=\"elementor-tab-content elementor-clearfix\" data-tab=\"2\" role=\"tabpanel\" aria-labelledby=\"elementor-tab-title-6652\" tabindex=\"0\" hidden=\"hidden\"><ul><li>C\u00e1mara de comercio de Bogot\u00e1 &#8211; Conciliadora y Amigable componedora<\/li><li>Previsora Compa\u00f1\u00eda de Seguros S.A.\u00a0 -Secretaria General<\/li><li>Previsora Compa\u00f1\u00eda de Seguros S.A.\u00a0 &#8211; Vicepresidente Administrativa<\/li><li>Previsora Compa\u00f1\u00eda de Seguros S.A.\u00a0 -Asistente del Presidente<\/li><li>Seguros Mundial S.A. &#8211; Defensora del Consumidor Financiero<\/li><li>Superintendencia Bancaria &#8211; Jefe de la Divisi\u00f3n de Inspecci\u00f3n para Seguros y capitalizaci\u00f3n en la Delegatura para Seguros y Capitalizaci\u00f3n<\/li><li>Superintendencia Bancaria &#8211; Jefe del \u00e1rea legal de la Divisi\u00f3n de Intermediarios de Seguros y Reaseguros<\/li><li>Superintendencia Bancaria &#8211; Secretaria Privada del Delegado de Bancos y Corporaciones<\/li><li>Superintendencia Bancaria &#8211; Asesora Jur\u00eddica<\/li><li>Superintendencia de Industria y Comercio &#8211; Asesora del Delegado para Arrendamientos<\/li><li>Superintendencia de Industria y Comercio &#8211;\u00a0 Jefe (e) de la Secci\u00f3n de instrucci\u00f3n de la Divisi\u00f3n de Control y Vigilancia de Precios Superintendencia de Industria y Comercio<\/li><\/ul><\/div>\n\t\t\t\t\t\t\t\t\t<div class=\"elementor-tab-title elementor-tab-mobile-title\" aria-selected=\"false\" data-tab=\"3\" role=\"tab\" tabindex=\"-1\" aria-controls=\"elementor-tab-content-6653\" aria-expanded=\"false\">CONTACTO<\/div>\n\t\t\t\t\t<div id=\"elementor-tab-content-6653\" class=\"elementor-tab-content elementor-clearfix\" data-tab=\"3\" role=\"tabpanel\" aria-labelledby=\"elementor-tab-title-6653\" tabindex=\"0\" hidden=\"hidden\"><p><a href=\"mailto:msaetta@archilaabogados.com\">msaetta@archilaabogados.com<\/a><br \/>+57 (315) 312-6912<\/p><\/div>\n\t\t\t\t\t\t\t<\/div>\n\t\t<\/div>\n\t\t\t\t\t\t<\/div>\n\t\t\t\t<\/div>\n\t\t\t\t\t<\/div>\n\t\t<\/div>\n\t\t\t\t\t<\/div>\n\t\t<\/section>\n\t\t\t\t<section class=\"elementor-section elementor-top-section elementor-element elementor-element-9541e9b elementor-section-full_width elementor-hidden-desktop elementor-hidden-tablet elementor-section-height-default elementor-section-height-default\" data-id=\"9541e9b\" data-element_type=\"section\" data-e-type=\"section\" data-settings=\"{&quot;background_background&quot;:&quot;classic&quot;}\">\n\t\t\t\t\t\t\t<div class=\"elementor-background-overlay\"><\/div>\n\t\t\t\t\t\t\t<div class=\"elementor-container elementor-column-gap-no\">\n\t\t\t\t\t<div class=\"elementor-column elementor-col-100 elementor-top-column elementor-element elementor-element-5ec21cd\" data-id=\"5ec21cd\" data-element_type=\"column\" data-e-type=\"column\">\n\t\t\t<div class=\"elementor-widget-wrap elementor-element-populated\">\n\t\t\t\t\t\t<div class=\"elementor-element elementor-element-b420b5b elementor-widget elementor-widget-image\" data-id=\"b420b5b\" data-element_type=\"widget\" data-e-type=\"widget\" data-widget_type=\"image.default\">\n\t\t\t\t<div class=\"elementor-widget-container\">\n\t\t\t\t\t\t\t\t\t\t\t\t\t\t\t<img fetchpriority=\"high\" decoding=\"async\" width=\"900\" height=\"360\" src=\"https:\/\/archilaabogados.com\/wp-content\/uploads\/2022\/07\/Marcella-Saetta-1024x410.jpg\" class=\"attachment-large size-large wp-image-3602\" alt=\"\" srcset=\"https:\/\/archilaabogados.com\/wp-content\/uploads\/2022\/07\/Marcella-Saetta-1024x410.jpg 1024w, https:\/\/archilaabogados.com\/wp-content\/uploads\/2022\/07\/Marcella-Saetta-300x120.jpg 300w, https:\/\/archilaabogados.com\/wp-content\/uploads\/2022\/07\/Marcella-Saetta-768x307.jpg 768w, https:\/\/archilaabogados.com\/wp-content\/uploads\/2022\/07\/Marcella-Saetta-18x7.jpg 18w, https:\/\/archilaabogados.com\/wp-content\/uploads\/2022\/07\/Marcella-Saetta.jpg 1280w\" sizes=\"(max-width: 900px) 100vw, 900px\" \/>\t\t\t\t\t\t\t\t\t\t\t\t\t\t\t<\/div>\n\t\t\t\t<\/div>\n\t\t\t\t<div class=\"elementor-element elementor-element-9e19f9a elementor-widget elementor-widget-heading\" data-id=\"9e19f9a\" data-element_type=\"widget\" data-e-type=\"widget\" data-widget_type=\"heading.default\">\n\t\t\t\t<div class=\"elementor-widget-container\">\n\t\t\t\t\t<h2 class=\"elementor-heading-title elementor-size-default\">Adriana Marcella Saetta del Castillo<\/h2>\t\t\t\t<\/div>\n\t\t\t\t<\/div>\n\t\t\t\t\t<\/div>\n\t\t<\/div>\n\t\t\t\t\t<\/div>\n\t\t<\/section>\n\t\t\t\t<section class=\"elementor-section elementor-top-section elementor-element elementor-element-0d4ac4b elementor-hidden-desktop elementor-section-boxed elementor-section-height-default elementor-section-height-default\" data-id=\"0d4ac4b\" data-element_type=\"section\" data-e-type=\"section\" data-settings=\"{&quot;background_background&quot;:&quot;classic&quot;}\">\n\t\t\t\t\t\t\t<div class=\"elementor-background-overlay\"><\/div>\n\t\t\t\t\t\t\t<div class=\"elementor-container elementor-column-gap-default\">\n\t\t\t\t\t<div class=\"elementor-column elementor-col-100 elementor-top-column elementor-element elementor-element-4dea4c1\" data-id=\"4dea4c1\" data-element_type=\"column\" data-e-type=\"column\">\n\t\t\t<div class=\"elementor-widget-wrap elementor-element-populated\">\n\t\t\t\t\t\t<div class=\"elementor-element elementor-element-4cef361 elementor-tabs-alignment-center elementor-tabs-view-horizontal elementor-widget elementor-widget-tabs\" data-id=\"4cef361\" data-element_type=\"widget\" data-e-type=\"widget\" data-widget_type=\"tabs.default\">\n\t\t\t\t<div class=\"elementor-widget-container\">\n\t\t\t\t\t\t\t<div class=\"elementor-tabs\">\n\t\t\t<div class=\"elementor-tabs-wrapper\" role=\"tablist\" >\n\t\t\t\t\t\t\t\t\t<div id=\"elementor-tab-title-8061\" class=\"elementor-tab-title elementor-tab-desktop-title\" aria-selected=\"true\" data-tab=\"1\" role=\"tab\" tabindex=\"0\" aria-controls=\"elementor-tab-content-8061\" aria-expanded=\"false\">EDUCACI\u00d3N<\/div>\n\t\t\t\t\t\t\t\t\t<div id=\"elementor-tab-title-8062\" class=\"elementor-tab-title elementor-tab-desktop-title\" aria-selected=\"false\" data-tab=\"2\" role=\"tab\" tabindex=\"-1\" aria-controls=\"elementor-tab-content-8062\" aria-expanded=\"false\">EXPERIENCIA<\/div>\n\t\t\t\t\t\t\t\t\t<div id=\"elementor-tab-title-8063\" class=\"elementor-tab-title elementor-tab-desktop-title\" aria-selected=\"false\" data-tab=\"3\" role=\"tab\" tabindex=\"-1\" aria-controls=\"elementor-tab-content-8063\" aria-expanded=\"false\">CONTACTO<\/div>\n\t\t\t\t\t\t\t<\/div>\n\t\t\t<div class=\"elementor-tabs-content-wrapper\" role=\"tablist\" aria-orientation=\"vertical\">\n\t\t\t\t\t\t\t\t\t<div class=\"elementor-tab-title elementor-tab-mobile-title\" aria-selected=\"true\" data-tab=\"1\" role=\"tab\" tabindex=\"0\" aria-controls=\"elementor-tab-content-8061\" aria-expanded=\"false\">EDUCACI\u00d3N<\/div>\n\t\t\t\t\t<div id=\"elementor-tab-content-8061\" class=\"elementor-tab-content elementor-clearfix\" data-tab=\"1\" role=\"tabpanel\" aria-labelledby=\"elementor-tab-title-8061\" tabindex=\"0\" hidden=\"false\"><ul><li>Abogado &#8211; Universidad de los Andes.<\/li><li>Especializaci\u00f3n &#8211; Derecho Comercial de la Universidad de Los Andes.<\/li><li>Diplomado &#8211; Derecho de la Competencia &#8211; Universidad Externado de Colombia.<\/li><\/ul><\/div>\n\t\t\t\t\t\t\t\t\t<div class=\"elementor-tab-title elementor-tab-mobile-title\" aria-selected=\"false\" data-tab=\"2\" role=\"tab\" tabindex=\"-1\" aria-controls=\"elementor-tab-content-8062\" aria-expanded=\"false\">EXPERIENCIA<\/div>\n\t\t\t\t\t<div id=\"elementor-tab-content-8062\" class=\"elementor-tab-content elementor-clearfix\" data-tab=\"2\" role=\"tabpanel\" aria-labelledby=\"elementor-tab-title-8062\" tabindex=\"0\" hidden=\"hidden\"><ul><li>C\u00e1mara de comercio de Bogot\u00e1 &#8211; Conciliadora y Amigable componedora<\/li><li>Previsora Compa\u00f1\u00eda de Seguros S.A.\u00a0 -Secretaria General<\/li><li>Previsora Compa\u00f1\u00eda de Seguros S.A.\u00a0 &#8211; Vicepresidente Administrativa<\/li><li>Previsora Compa\u00f1\u00eda de Seguros S.A.\u00a0 -Asistente del Presidente<\/li><li>Seguros Mundial S.A. &#8211; Defensora del Consumidor Financiero<\/li><li>Superintendencia Bancaria &#8211; Jefe de la Divisi\u00f3n de Inspecci\u00f3n para Seguros y capitalizaci\u00f3n en la Delegatura para Seguros y Capitalizaci\u00f3n<\/li><li>Superintendencia Bancaria &#8211; Jefe del \u00e1rea legal de la Divisi\u00f3n de Intermediarios de Seguros y Reaseguros<\/li><li>Superintendencia Bancaria &#8211; Secretaria Privada del Delegado de Bancos y Corporaciones<\/li><li>Superintendencia Bancaria &#8211; Asesora Jur\u00eddica<\/li><li>Superintendencia de Industria y Comercio &#8211; Asesora del Delegado para Arrendamientos<\/li><li>Superintendencia de Industria y Comercio &#8211;\u00a0 Jefe (e) de la Secci\u00f3n de instrucci\u00f3n de la Divisi\u00f3n de Control y Vigilancia de Precios Superintendencia de Industria y Comercio<\/li><\/ul><\/div>\n\t\t\t\t\t\t\t\t\t<div class=\"elementor-tab-title elementor-tab-mobile-title\" aria-selected=\"false\" data-tab=\"3\" role=\"tab\" tabindex=\"-1\" aria-controls=\"elementor-tab-content-8063\" aria-expanded=\"false\">CONTACTO<\/div>\n\t\t\t\t\t<div id=\"elementor-tab-content-8063\" class=\"elementor-tab-content elementor-clearfix\" data-tab=\"3\" role=\"tabpanel\" aria-labelledby=\"elementor-tab-title-8063\" tabindex=\"0\" hidden=\"hidden\"><p><a href=\"mailto:msaetta@archilaabogados.com\">msaetta@archilaabogados.com<\/a><br \/>+57 (315) 312-6912<\/p><\/div>\n\t\t\t\t\t\t\t<\/div>\n\t\t<\/div>\n\t\t\t\t\t\t<\/div>\n\t\t\t\t<\/div>\n\t\t\t\t\t<\/div>\n\t\t<\/div>\n\t\t\t\t\t<\/div>\n\t\t<\/section>\n\t\t\t\t<\/div>","protected":false},"excerpt":{"rendered":"<p>Adriana Marcella Saetta del Castillo EDUCACI\u00d3N EXPERIENCIA CONTACTO EDUCACI\u00d3N Abogado &#8211; Universidad de los Andes. Especializaci\u00f3n &#8211; Derecho Comercial de la Universidad de Los Andes. Diplomado &#8211; Derecho de la Competencia &#8211; Universidad Externado de Colombia. EXPERIENCIA C\u00e1mara de comercio de Bogot\u00e1 &#8211; Conciliadora y Amigable componedora Previsora Compa\u00f1\u00eda de Seguros S.A.\u00a0 -Secretaria General Previsora&#8230;<\/p>","protected":false},"author":1,"featured_media":0,"parent":0,"menu_order":0,"comment_status":"closed","ping_status":"closed","template":"","meta":{"_kad_post_transparent":"","_kad_post_title":"hide","_kad_post_layout":"fullwidth","_kad_post_sidebar_id":"","_kad_post_content_style":"unboxed","_kad_post_vertical_padding":"hide","_kad_post_feature":"hide","_kad_post_feature_position":"","_kad_post_header":false,"_kad_post_footer":false,"footnotes":""},"class_list":["post-2172","page","type-page","status-publish","hentry"],"yoast_head":"<!-- This site is optimized with the Yoast SEO plugin v27.4 - https:\/\/yoast.com\/product\/yoast-seo-wordpress\/ -->\n<title>Adriana Marcella Saetta del Castillo - Archila Abogados<\/title>\n<meta name=\"robots\" content=\"index, follow, max-snippet:-1, max-image-preview:large, max-video-preview:-1\" \/>\n<link rel=\"canonical\" href=\"https:\/\/archilaabogados.com\/en\/adriana-marcella-saetta-del-castillo\/\" \/>\n<meta property=\"og:locale\" content=\"en_US\" \/>\n<meta property=\"og:type\" content=\"article\" \/>\n<meta property=\"og:title\" content=\"Adriana Marcella Saetta del Castillo - Archila Abogados\" \/>\n<meta property=\"og:description\" content=\"Adriana Marcella Saetta del Castillo EDUCACI\u00d3N EXPERIENCIA CONTACTO EDUCACI\u00d3N Abogado &#8211; Universidad de los Andes. Especializaci\u00f3n &#8211; Derecho Comercial de la Universidad de Los Andes. Diplomado &#8211; Derecho de la Competencia &#8211; Universidad Externado de Colombia. EXPERIENCIA C\u00e1mara de comercio de Bogot\u00e1 &#8211; Conciliadora y Amigable componedora Previsora Compa\u00f1\u00eda de Seguros S.A.\u00a0 -Secretaria General Previsora...\" \/>\n<meta property=\"og:url\" content=\"https:\/\/archilaabogados.com\/en\/adriana-marcella-saetta-del-castillo\/\" \/>\n<meta property=\"og:site_name\" content=\"Archila Abogados\" \/>\n<meta property=\"article:modified_time\" content=\"2022-07-18T15:15:52+00:00\" \/>\n<meta property=\"og:image\" content=\"http:\/\/archilaabogados.com\/wp-content\/uploads\/2022\/07\/Marcella-Saetta-1024x410.jpg\" \/>\n<meta name=\"twitter:card\" content=\"summary_large_image\" \/>\n<meta name=\"twitter:label1\" content=\"Est. reading time\" \/>\n\t<meta name=\"twitter:data1\" content=\"2 minutes\" \/>\n<script type=\"application\/ld+json\" class=\"yoast-schema-graph\">{\"@context\":\"https:\\\/\\\/schema.org\",\"@graph\":[{\"@type\":\"WebPage\",\"@id\":\"https:\\\/\\\/archilaabogados.com\\\/adriana-marcella-saetta-del-castillo\\\/\",\"url\":\"https:\\\/\\\/archilaabogados.com\\\/adriana-marcella-saetta-del-castillo\\\/\",\"name\":\"Adriana Marcella Saetta del Castillo - Archila Abogados\",\"isPartOf\":{\"@id\":\"https:\\\/\\\/archilaabogados.com\\\/#website\"},\"primaryImageOfPage\":{\"@id\":\"https:\\\/\\\/archilaabogados.com\\\/adriana-marcella-saetta-del-castillo\\\/#primaryimage\"},\"image\":{\"@id\":\"https:\\\/\\\/archilaabogados.com\\\/adriana-marcella-saetta-del-castillo\\\/#primaryimage\"},\"thumbnailUrl\":\"http:\\\/\\\/archilaabogados.com\\\/wp-content\\\/uploads\\\/2022\\\/07\\\/Marcella-Saetta-1024x410.jpg\",\"datePublished\":\"2022-06-07T18:46:43+00:00\",\"dateModified\":\"2022-07-18T15:15:52+00:00\",\"breadcrumb\":{\"@id\":\"https:\\\/\\\/archilaabogados.com\\\/adriana-marcella-saetta-del-castillo\\\/#breadcrumb\"},\"inLanguage\":\"en-US\",\"potentialAction\":[{\"@type\":\"ReadAction\",\"target\":[\"https:\\\/\\\/archilaabogados.com\\\/adriana-marcella-saetta-del-castillo\\\/\"]}]},{\"@type\":\"ImageObject\",\"inLanguage\":\"en-US\",\"@id\":\"https:\\\/\\\/archilaabogados.com\\\/adriana-marcella-saetta-del-castillo\\\/#primaryimage\",\"url\":\"http:\\\/\\\/archilaabogados.com\\\/wp-content\\\/uploads\\\/2022\\\/07\\\/Marcella-Saetta-1024x410.jpg\",\"contentUrl\":\"http:\\\/\\\/archilaabogados.com\\\/wp-content\\\/uploads\\\/2022\\\/07\\\/Marcella-Saetta-1024x410.jpg\"},{\"@type\":\"BreadcrumbList\",\"@id\":\"https:\\\/\\\/archilaabogados.com\\\/adriana-marcella-saetta-del-castillo\\\/#breadcrumb\",\"itemListElement\":[{\"@type\":\"ListItem\",\"position\":1,\"name\":\"Home\",\"item\":\"https:\\\/\\\/archilaabogados.com\\\/\"},{\"@type\":\"ListItem\",\"position\":2,\"name\":\"Adriana Marcella Saetta del Castillo\"}]},{\"@type\":\"WebSite\",\"@id\":\"https:\\\/\\\/archilaabogados.com\\\/#website\",\"url\":\"https:\\\/\\\/archilaabogados.com\\\/\",\"name\":\"Archila Abogados\",\"description\":\"Servicios legales\",\"potentialAction\":[{\"@type\":\"SearchAction\",\"target\":{\"@type\":\"EntryPoint\",\"urlTemplate\":\"https:\\\/\\\/archilaabogados.com\\\/?s={search_term_string}\"},\"query-input\":{\"@type\":\"PropertyValueSpecification\",\"valueRequired\":true,\"valueName\":\"search_term_string\"}}],\"inLanguage\":\"en-US\"}]}<\/script>\n<!-- \/ Yoast SEO plugin. -->","yoast_head_json":{"title":"Adriana Marcella Saetta del Castillo - Archila Abogados","robots":{"index":"index","follow":"follow","max-snippet":"max-snippet:-1","max-image-preview":"max-image-preview:large","max-video-preview":"max-video-preview:-1"},"canonical":"https:\/\/archilaabogados.com\/en\/adriana-marcella-saetta-del-castillo\/","og_locale":"en_US","og_type":"article","og_title":"Adriana Marcella Saetta del Castillo - Archila Abogados","og_description":"Adriana Marcella Saetta del Castillo EDUCACI\u00d3N EXPERIENCIA CONTACTO EDUCACI\u00d3N Abogado &#8211; Universidad de los Andes. Especializaci\u00f3n &#8211; Derecho Comercial de la Universidad de Los Andes. Diplomado &#8211; Derecho de la Competencia &#8211; Universidad Externado de Colombia. EXPERIENCIA C\u00e1mara de comercio de Bogot\u00e1 &#8211; Conciliadora y Amigable componedora Previsora Compa\u00f1\u00eda de Seguros S.A.\u00a0 -Secretaria General Previsora...","og_url":"https:\/\/archilaabogados.com\/en\/adriana-marcella-saetta-del-castillo\/","og_site_name":"Archila Abogados","article_modified_time":"2022-07-18T15:15:52+00:00","og_image":[{"url":"http:\/\/archilaabogados.com\/wp-content\/uploads\/2022\/07\/Marcella-Saetta-1024x410.jpg","type":"","width":"","height":""}],"twitter_card":"summary_large_image","twitter_misc":{"Est. reading time":"2 minutes"},"schema":{"@context":"https:\/\/schema.org","@graph":[{"@type":"WebPage","@id":"https:\/\/archilaabogados.com\/adriana-marcella-saetta-del-castillo\/","url":"https:\/\/archilaabogados.com\/adriana-marcella-saetta-del-castillo\/","name":"Adriana Marcella Saetta del Castillo - Archila Abogados","isPartOf":{"@id":"https:\/\/archilaabogados.com\/#website"},"primaryImageOfPage":{"@id":"https:\/\/archilaabogados.com\/adriana-marcella-saetta-del-castillo\/#primaryimage"},"image":{"@id":"https:\/\/archilaabogados.com\/adriana-marcella-saetta-del-castillo\/#primaryimage"},"thumbnailUrl":"http:\/\/archilaabogados.com\/wp-content\/uploads\/2022\/07\/Marcella-Saetta-1024x410.jpg","datePublished":"2022-06-07T18:46:43+00:00","dateModified":"2022-07-18T15:15:52+00:00","breadcrumb":{"@id":"https:\/\/archilaabogados.com\/adriana-marcella-saetta-del-castillo\/#breadcrumb"},"inLanguage":"en-US","potentialAction":[{"@type":"ReadAction","target":["https:\/\/archilaabogados.com\/adriana-marcella-saetta-del-castillo\/"]}]},{"@type":"ImageObject","inLanguage":"en-US","@id":"https:\/\/archilaabogados.com\/adriana-marcella-saetta-del-castillo\/#primaryimage","url":"http:\/\/archilaabogados.com\/wp-content\/uploads\/2022\/07\/Marcella-Saetta-1024x410.jpg","contentUrl":"http:\/\/archilaabogados.com\/wp-content\/uploads\/2022\/07\/Marcella-Saetta-1024x410.jpg"},{"@type":"BreadcrumbList","@id":"https:\/\/archilaabogados.com\/adriana-marcella-saetta-del-castillo\/#breadcrumb","itemListElement":[{"@type":"ListItem","position":1,"name":"Home","item":"https:\/\/archilaabogados.com\/"},{"@type":"ListItem","position":2,"name":"Adriana Marcella Saetta del Castillo"}]},{"@type":"WebSite","@id":"https:\/\/archilaabogados.com\/#website","url":"https:\/\/archilaabogados.com\/","name":"Archila Abogados","description":"Servicios legales","potentialAction":[{"@type":"SearchAction","target":{"@type":"EntryPoint","urlTemplate":"https:\/\/archilaabogados.com\/?s={search_term_string}"},"query-input":{"@type":"PropertyValueSpecification","valueRequired":true,"valueName":"search_term_string"}}],"inLanguage":"en-US"}]}},"_links":{"self":[{"href":"https:\/\/archilaabogados.com\/en\/wp-json\/wp\/v2\/pages\/2172","targetHints":{"allow":["GET"]}}],"collection":[{"href":"https:\/\/archilaabogados.com\/en\/wp-json\/wp\/v2\/pages"}],"about":[{"href":"https:\/\/archilaabogados.com\/en\/wp-json\/wp\/v2\/types\/page"}],"author":[{"embeddable":true,"href":"https:\/\/archilaabogados.com\/en\/wp-json\/wp\/v2\/users\/1"}],"replies":[{"embeddable":true,"href":"https:\/\/archilaabogados.com\/en\/wp-json\/wp\/v2\/comments?post=2172"}],"version-history":[{"count":5,"href":"https:\/\/archilaabogados.com\/en\/wp-json\/wp\/v2\/pages\/2172\/revisions"}],"predecessor-version":[{"id":3679,"href":"https:\/\/archilaabogados.com\/en\/wp-json\/wp\/v2\/pages\/2172\/revisions\/3679"}],"wp:attachment":[{"href":"https:\/\/archilaabogados.com\/en\/wp-json\/wp\/v2\/media?parent=2172"}],"curies":[{"name":"wp","href":"https:\/\/api.w.org\/{rel}","templated":true}]}}