{"id":2253,"date":"2022-06-07T22:44:32","date_gmt":"2022-06-07T22:44:32","guid":{"rendered":"https:\/\/archilaabogados.com\/?page_id=2253"},"modified":"2022-07-14T00:03:45","modified_gmt":"2022-07-14T00:03:45","slug":"tratamiento-de-datos","status":"publish","type":"page","link":"https:\/\/archilaabogados.com\/en\/tratamiento-de-datos\/","title":{"rendered":"Tratamiento de datos"},"content":{"rendered":"<div data-elementor-type=\"wp-page\" data-elementor-id=\"2253\" class=\"elementor elementor-2253\" data-elementor-post-type=\"page\">\n\t\t\t\t\t\t<section class=\"elementor-section elementor-top-section elementor-element elementor-element-addb624 elementor-section-full_width elementor-section-height-default elementor-section-height-default\" data-id=\"addb624\" data-element_type=\"section\" data-e-type=\"section\" data-settings=\"{&quot;background_background&quot;:&quot;gradient&quot;}\">\n\t\t\t\t\t\t\t<div class=\"elementor-background-overlay\"><\/div>\n\t\t\t\t\t\t\t<div class=\"elementor-container elementor-column-gap-default\">\n\t\t\t\t\t<div class=\"elementor-column elementor-col-100 elementor-top-column elementor-element elementor-element-fee1866\" data-id=\"fee1866\" data-element_type=\"column\" data-e-type=\"column\" data-settings=\"{&quot;background_background&quot;:&quot;gradient&quot;}\">\n\t\t\t<div class=\"elementor-widget-wrap elementor-element-populated\">\n\t\t\t\t\t<div class=\"elementor-background-overlay\"><\/div>\n\t\t\t\t\t\t<div class=\"elementor-element elementor-element-305e9cc elementor--h-position-center elementor--v-position-middle elementor-widget elementor-widget-slides\" data-id=\"305e9cc\" data-element_type=\"widget\" data-e-type=\"widget\" data-settings=\"{&quot;navigation&quot;:&quot;none&quot;,&quot;transition&quot;:&quot;slide&quot;,&quot;transition_speed&quot;:500}\" data-widget_type=\"slides.default\">\n\t\t\t\t<div class=\"elementor-widget-container\">\n\t\t\t\t\t\t\t<div class=\"elementor-swiper\">\n\t\t\t<div class=\"elementor-slides-wrapper elementor-main-swiper swiper-container\" dir=\"ltr\" data-animation=\"\">\n\t\t\t\t<div class=\"swiper-wrapper elementor-slides\">\n\t\t\t\t\t\t\t\t\t\t<div class=\"elementor-repeater-item-17db268 swiper-slide\"><div class=\"swiper-slide-bg\" role=\"img\"><\/div><div class=\"swiper-slide-inner\" ><div class=\"swiper-slide-contents\"><div class=\"elementor-slide-heading\">Pol\u00edtica de protecci\u00f3n de datos personales<\/div><\/div><\/div><\/div>\t\t\t\t<\/div>\n\t\t\t\t\t\t\t<\/div>\n\t\t<\/div>\n\t\t\t\t\t\t<\/div>\n\t\t\t\t<\/div>\n\t\t\t\t\t<\/div>\n\t\t<\/div>\n\t\t\t\t\t<\/div>\n\t\t<\/section>\n\t\t\t\t<section class=\"elementor-section elementor-top-section elementor-element elementor-element-50fa92c elementor-section-content-middle elementor-section-boxed elementor-section-height-default elementor-section-height-default\" data-id=\"50fa92c\" data-element_type=\"section\" data-e-type=\"section\" data-settings=\"{&quot;background_background&quot;:&quot;classic&quot;}\">\n\t\t\t\t\t\t<div class=\"elementor-container elementor-column-gap-no\">\n\t\t\t\t\t<div class=\"elementor-column elementor-col-100 elementor-top-column elementor-element elementor-element-0ca52af\" data-id=\"0ca52af\" data-element_type=\"column\" data-e-type=\"column\">\n\t\t\t<div class=\"elementor-widget-wrap elementor-element-populated\">\n\t\t\t\t\t\t<div class=\"elementor-element elementor-element-eaa320b elementor-widget elementor-widget-text-editor\" data-id=\"eaa320b\" data-element_type=\"widget\" data-e-type=\"widget\" data-widget_type=\"text-editor.default\">\n\t\t\t\t<div class=\"elementor-widget-container\">\n\t\t\t\t\t\t\t\t\t<p><strong>P<\/strong><strong>OL\u00cdTICA DE PROTECCI\u00d3N Y TRATAMIENTO DE DATOS PERSONALES ARCHILA ABOGADOS LTDA.<\/strong><\/p><p>En cumplimiento de lo establecido en la Ley 1581 de 2012 y el Decreto 1377 de 2013, el presente documento contiene la Pol\u00edtica de Protecci\u00f3n y tratamiento de Datos Personales, recaudados por Archila Abogados Ltda. en adelante \u201cArchila Abogados\u201d, que ser\u00e1n objeto de recolecci\u00f3n, almacenamiento, uso y circulaci\u00f3n en los t\u00e9rminos establecidos.<\/p><ol><li><strong>Identificaci\u00f3n del Responsable del Tratamiento de la Informaci\u00f3n<\/strong><\/li><\/ol><p>Archila Abogados Ltda., de acuerdo con la ley, es Responsable de Tratamiento de datos personales contenidos en sus bases de datos. Direcci\u00f3n: Calle 90 No. 19-41 Oficina 301, Bogot\u00e1 D.C.,<span style=\"background-color: transparent; color: var(--global-palette6); font-family: var(--global-body-font-family);\">Colombia. P\u00e1gina web: <\/span><a style=\"font-family: var(--global-body-font-family);\" href=\"https:\/\/archilaabogados.com\/en\/\">www.archilaabogados.com<\/a><span style=\"background-color: transparent; color: var(--global-palette6); font-family: var(--global-body-font-family);\">. Correo electr\u00f3nico:\u00a0<\/span><a style=\"font-family: var(--global-body-font-family);\" href=\"mailto:aaponte@archilaabogados.com\">aaponte@archilaabogados.com<\/a><span style=\"background-color: transparent; color: var(--global-palette6); font-family: var(--global-body-font-family);\">. Tel\u00e9fono (+57 601) 6181697.<\/span><\/p><ol start=\"2\"><li><strong>Finalidades y Tratamiento al cual ser\u00e1n sometidos los Datos Personales<\/strong><\/li><\/ol><p>Los datos personales por usted proporcionados a Archila Abogados ser\u00e1n almacenados en las bases de datos de Archila Abogados y ser\u00e1n utilizados para alguna de las siguientes finalidades relacionadas con:<\/p><ul><li>El cumplimiento de los contratos celebrados con nuestros clientes y la prestaci\u00f3n de los servicios contratados propios del objeto social de Archila Abogados Ltda., consistentes en asesor\u00eda y representaci\u00f3n legal en asuntos jur\u00eddicos de diversa \u00edndole.<\/li><li>La promoci\u00f3n de eventos acad\u00e9micos.<\/li><li>El env\u00edo a nuestros clientes de informaci\u00f3n de actualidad en asuntos normativos, judiciales o regulatorios de su inter\u00e9s.<\/li><li>La vinculaci\u00f3n, ejecuci\u00f3n y terminaci\u00f3n de la relaci\u00f3n laboral que surja entre Archila Abogados Ltda. y sus empleados.<\/li><li>El contacto y contrataci\u00f3n con proveedores de productos o servicios que Archila Abogados Ltda. requiera para el normal funcionamiento de su operaci\u00f3n y para la adecuada dotaci\u00f3n de sus instalaciones u oficinas.<\/li><\/ul><p>En consecuencia, para las finalidades descritas, Archila Abogados podr\u00e1: (i) Conocer, almacenar y procesar toda la informaci\u00f3n suministrada por los titulares en una o varias bases de datos, en el formato que estime m\u00e1s conveniente. (ii) Ordenar, catalogar, clasificar, dividir o separar la informaci\u00f3n suministrada por los titulares. (iii) En caso de que Archila Abogados no se encuentre en capacidad de realizar el tratamiento por sus propios medios, podr\u00e1 transferir los datos recopilados para que sean tratados por un tercero, previa notificaci\u00f3n a los titulares de los datos recopilados, el cual ser\u00e1 el encargado del tratamiento y deber\u00e1 garantizar condiciones id\u00f3neas de confidencialidad y seguridad de la informaci\u00f3n transferida para el tratamiento.<\/p><ol start=\"3\"><li><strong>Derechos de los Titulares<\/strong><\/li><\/ol><p>De acuerdo con la ley, los Titulares de Datos Personales tienen los siguientes derechos:<\/p><p>(i) Conocer, actualizar y rectificar los datos personales frente a la Archila Abogados como responsable o encargado del tratamiento, o ejercer el derecho frente a quien haya recibido los datos como resultado de la transmisi\u00f3n de los mismos. Este derecho se podr\u00e1 ejercer, entre otros frente a datos parciales, inexactos, incompletos, fraccionados, que induzcan a error, o aquellos cuyo tratamiento est\u00e9 expresamente prohibido o no haya sido autorizado; (ii) Solicitar prueba de la autorizaci\u00f3n otorgada a la Archila Abogados como responsable del tratamiento salvo cuando expresamente se except\u00fae como requisito para el tratamiento; (iii) Ser informado por Archila Abogados como responsable del tratamiento o el encargado del tratamiento, previa solicitud, respecto del uso que le ha dado a los datos personales; (iv) Presentar ante la Superintendencia de Industria y Comercio quejas por infracciones al r\u00e9gimen de protecci\u00f3n de datos personales; (v) Revocar la autorizaci\u00f3n y\/o solicitar la supresi\u00f3n del dato personal cuando en el tratamiento no se respeten los principios, derechos y garant\u00edas constitucionales y legales.; (vi) Acceder en forma gratuita los datos personales que hayan sido objeto de Tratamiento.<\/p><ol start=\"4\"><li><strong>Datos Sensibles<\/strong><\/li><\/ol><p>El titular tiene derecho a optar por no responder cualquier informaci\u00f3n sensible solicitada por Archila Abogados, relacionada entre otros, con datos sobre su origen racial o \u00e9tnico, la pertenencia a sindicatos, organizaciones sociales o de derechos humanos, convicciones pol\u00edticas, religiosas, de la vida sexual, biom\u00e9tricos o datos de salud.<\/p><ol start=\"5\"><li><strong>Datos de Menores de Edad<\/strong><\/li><\/ol><p>El suministro de los datos personales de menores de edad es facultativo y debe realizarse con autorizaci\u00f3n de los padres de familia o representantes legales del menor.<\/p><ol start=\"6\"><li><strong>Atenci\u00f3n de Peticiones, Quejas, Consultas y Reclamos<\/strong><\/li><\/ol><p>Para realizar peticiones, consultas y reclamos con el fin de ejercer sus derechos a conocer, actualizar, rectificar, suprimir los datos o revocar su autorizaci\u00f3n el titular, sus causahabientes o representantes o acreditados de conformidad con la Ley 1581 y el Decreto 1377, podr\u00e1 contactar a Archila Abogados, de lunes a viernes en horario 8:00 AM \u2013 12:00 M y 2:00 PM a 6:00 PM , a trav\u00e9s del correo <a href=\"mailto:aaponte@archilaabogados.com\">aaponte@archilaabogados.com<\/a>, comunicarse con la l\u00ednea de atenci\u00f3n (+57 1) 6181697\u00a0o f\u00edsicamente a la direcci\u00f3n Calle 90 No. 19-41 oficina 301 de la ciudad de Bogot\u00e1 D.C.<\/p><ol start=\"7\"><li><strong>Procedimiento para ejercer los derechos de los Titulares de los Datos Personales<\/strong><\/li><\/ol><p>Para el ejercicio de los derechos como Titular de los Datos Personales, Archila Abogados pondr\u00e1 a disposici\u00f3n de los Titulares medios de comunicaci\u00f3n adecuados para tal fin. En este sentido el \u00e1rea encargada del Tratamiento de Datos Personales y la atenci\u00f3n de consultas y reclamos podr\u00e1 ser contactada de lunes a viernes en horario 8:00 AM \u2013 12:00 M y 2:00 PM a 6:00 PM, a trav\u00e9s del correo <a href=\"mailto:aaponte@archilaabogados.com\">aaponte@archilaabogados.com<\/a>, comunicarse con la l\u00ednea de atenci\u00f3n (+57 1) 6181697 o f\u00edsicamente a la direcci\u00f3n Calle 90 No. 19-41 oficina 301 de la ciudad de Bogot\u00e1 D.C.<\/p><p>El procedimiento que se seguir\u00e1 para el ejercicio de los derechos de los Titulares ser\u00e1 el siguiente:<\/p><p><strong>7<\/strong><strong>.<\/strong><strong>1<\/strong><strong>. Consultas:<\/strong><\/p><p>(i) Cuando el Titular de los Datos Personales, su representante o causahabiente requiera consultar sus Datos Personales contenidos en las Bases de Datos de Archila Abogados, Archila Abogados atender\u00e1 la consulta dentro de los diez (10) d\u00edas h\u00e1biles siguientes contados a partir de la fecha de recibo de la consulta realizada.<\/p><p>(ii) De no ser posible atender la consulta dentro de dicho t\u00e9rmino, se informar\u00e1 al interesado, expresando los motivos de la demora y se\u00f1alando la fecha en que se atender\u00e1 su consulta, la cual en ning\u00fan caso podr\u00e1 superar los cinco (5) d\u00edas h\u00e1biles siguientes al vencimiento del primer t\u00e9rmino.<\/p><p><strong>7<\/strong><strong>.<\/strong><strong>2<\/strong><strong>. Reclamos<\/strong><\/p><p>(i) El Titular, su representante o causahabiente podr\u00e1n solicitar la correcci\u00f3n, actualizaci\u00f3n o supresi\u00f3n, presentando un reclamo el cual deber\u00e1 ser tramitado mediante solicitud escrita que contenga los siguientes datos: i) Identificaci\u00f3n del Titular, ii) Descripci\u00f3n de los hechos que dan lugar al reclamo, iii) Direcci\u00f3n de correspondencia del Titular, iv) Documentos soporte de la solicitud.<\/p><p>(ii) Si la solicitud es incompleta Archila Abogados, o su \u00e1rea encargada requerir\u00e1 al interesado para que aporte los documentos adicionales, dentro de los cinco (5) d\u00edas siguientes a la recepci\u00f3n del reclamo. El interesado tendr\u00e1 hasta sesenta (60) d\u00edas para dar respuesta a la informaci\u00f3n requerida, en caso de no dar respuesta se entender\u00e1 que ha desistido del reclamo.<\/p><p>(iii) Una vez recibido el reclamo, se deber\u00e1 incluir, dentro de los dos (2) d\u00edas siguientes a la recepci\u00f3n del mismo, en la Base de Datos respectiva una nota que establezca que existe un reclamo en curso.<\/p><p>(iv) El reclamo deber\u00e1 ser atendido dentro de los quince d\u00edas h\u00e1biles siguientes a la recepci\u00f3n del mismo. En caso de no ser posible atenderlo en ese t\u00e9rmino, se informar\u00e1 al interesado, y se informar\u00e1n las razones de la demora, y se dar\u00e1 respuesta en un t\u00e9rmino de m\u00e1ximo ocho (8) d\u00edas.<\/p><p>El ejercicio de los derechos de los Titulares podr\u00e1 realizarse en cualquier momento. A los fines de consulta de los Datos Personales, los mismos se proporcionar\u00e1n de forma gratuita, en los t\u00e9rminos del Decreto 1377 de 2013.<\/p><ol start=\"8\"><li><strong>Seguridad de la Informaci\u00f3n<\/strong><\/li><\/ol><p>Archila Abogados ha adoptado medidas de seguridad razonables para proteger la informaci\u00f3n de los Titulares e impedir el acceso no autorizado a sus datos o cualquier modificaci\u00f3n, divulgaci\u00f3n o destrucci\u00f3n no autorizada de los mismos. El acceso a los datos personales est\u00e1 restringido a aquellos empleados, contratistas, representantes y agentes de Archila Abogados encargados del tratamiento de los datos y que necesitan conocer los mismos para desempe\u00f1ar sus funciones y desarrollar el objeto social de la entidad. Archila Abogados no permite el acceso a esta informaci\u00f3n por parte de terceros en condiciones diferentes a las anunciadas, a excepci\u00f3n de un pedido expreso del titular de los datos o personas legitimadas de conformidad con la normatividad nacional.<\/p><p>No obstante, lo anterior, Archila Abogados no ser\u00e1 responsable por ataques inform\u00e1ticos y en general cualquier acci\u00f3n que tenga como objetivo infringir las medidas de seguridad establecidas para la protecci\u00f3n de los datos personales e informaci\u00f3n diferente a estos contenida en sus equipos inform\u00e1ticos o en aquellos contratados con terceros.<\/p><ol start=\"9\"><li><strong>Cambios en la Pol\u00edtica de Protecci\u00f3n y Tratamiento de Datos Personales<\/strong><\/li><\/ol><p>Archila Abogados se reserva el derecho de efectuar modificaciones a la presente Pol\u00edtica. De conformidad a lo establecido en el art\u00edculo 5 del Decreto 1377 de 2013, cuando se presenten cambios sustanciales, referidos a la identificaci\u00f3n del responsable y a la finalidad del tratamiento, los cuales afecten el contenido de la autorizaci\u00f3n ser\u00e1 necesario comunicar dichos cambios al Titular. Adem\u00e1s, se deber\u00e1 obtener del titular una nueva autorizaci\u00f3n cuando el cambio se refiera a la finalidad del tratamiento.<\/p><ol start=\"10\"><li><strong>Vigencia<\/strong><\/li><\/ol><p>La presente Pol\u00edtica de Protecci\u00f3n y Tratamiento de Datos Personales rige a partir del d\u00eda seis (06) de junio de 2017 y se encuentra vigente. Los Datos Personales frente a los cuales se realice el Tratamiento en alguna de nuestras Bases de Datos, permanecer\u00e1n en ellas el tiempo necesario para las finalidades mencionadas en esta Pol\u00edtica, y para las cuales fueron recolectados.\u00a0<\/p>\t\t\t\t\t\t\t\t<\/div>\n\t\t\t\t<\/div>\n\t\t\t\t\t<\/div>\n\t\t<\/div>\n\t\t\t\t\t<\/div>\n\t\t<\/section>\n\t\t\t\t<\/div>","protected":false},"excerpt":{"rendered":"<p>Pol\u00edtica de protecci\u00f3n de datos personales POL\u00cdTICA DE PROTECCI\u00d3N Y TRATAMIENTO DE DATOS PERSONALES ARCHILA ABOGADOS LTDA. En cumplimiento de lo establecido en la Ley 1581 de 2012 y el Decreto 1377 de 2013, el presente documento contiene la Pol\u00edtica de Protecci\u00f3n y tratamiento de Datos Personales, recaudados por Archila Abogados Ltda. en adelante \u201cArchila&#8230;<\/p>","protected":false},"author":1,"featured_media":0,"parent":0,"menu_order":0,"comment_status":"closed","ping_status":"closed","template":"","meta":{"_kad_post_transparent":"","_kad_post_title":"hide","_kad_post_layout":"fullwidth","_kad_post_sidebar_id":"","_kad_post_content_style":"unboxed","_kad_post_vertical_padding":"hide","_kad_post_feature":"hide","_kad_post_feature_position":"","_kad_post_header":false,"_kad_post_footer":false,"footnotes":""},"class_list":["post-2253","page","type-page","status-publish","hentry"],"yoast_head":"<!-- This site is optimized with the Yoast SEO plugin v27.4 - https:\/\/yoast.com\/product\/yoast-seo-wordpress\/ -->\n<title>Tratamiento de datos - Archila Abogados<\/title>\n<meta name=\"robots\" content=\"index, follow, max-snippet:-1, max-image-preview:large, max-video-preview:-1\" \/>\n<link rel=\"canonical\" href=\"https:\/\/archilaabogados.com\/en\/tratamiento-de-datos\/\" \/>\n<meta property=\"og:locale\" content=\"en_US\" \/>\n<meta property=\"og:type\" content=\"article\" \/>\n<meta property=\"og:title\" content=\"Tratamiento de datos - Archila Abogados\" \/>\n<meta property=\"og:description\" content=\"Pol\u00edtica de protecci\u00f3n de datos personales POL\u00cdTICA DE PROTECCI\u00d3N Y TRATAMIENTO DE DATOS PERSONALES ARCHILA ABOGADOS LTDA. En cumplimiento de lo establecido en la Ley 1581 de 2012 y el Decreto 1377 de 2013, el presente documento contiene la Pol\u00edtica de Protecci\u00f3n y tratamiento de Datos Personales, recaudados por Archila Abogados Ltda. en adelante \u201cArchila...\" \/>\n<meta property=\"og:url\" content=\"https:\/\/archilaabogados.com\/en\/tratamiento-de-datos\/\" \/>\n<meta property=\"og:site_name\" content=\"Archila Abogados\" \/>\n<meta property=\"article:modified_time\" content=\"2022-07-14T00:03:45+00:00\" \/>\n<meta name=\"twitter:card\" content=\"summary_large_image\" \/>\n<meta name=\"twitter:label1\" content=\"Est. reading time\" \/>\n\t<meta name=\"twitter:data1\" content=\"8 minutes\" \/>\n<script type=\"application\/ld+json\" class=\"yoast-schema-graph\">{\"@context\":\"https:\\\/\\\/schema.org\",\"@graph\":[{\"@type\":\"WebPage\",\"@id\":\"https:\\\/\\\/archilaabogados.com\\\/tratamiento-de-datos\\\/\",\"url\":\"https:\\\/\\\/archilaabogados.com\\\/tratamiento-de-datos\\\/\",\"name\":\"Tratamiento de datos - Archila Abogados\",\"isPartOf\":{\"@id\":\"https:\\\/\\\/archilaabogados.com\\\/#website\"},\"datePublished\":\"2022-06-07T22:44:32+00:00\",\"dateModified\":\"2022-07-14T00:03:45+00:00\",\"breadcrumb\":{\"@id\":\"https:\\\/\\\/archilaabogados.com\\\/tratamiento-de-datos\\\/#breadcrumb\"},\"inLanguage\":\"en-US\",\"potentialAction\":[{\"@type\":\"ReadAction\",\"target\":[\"https:\\\/\\\/archilaabogados.com\\\/tratamiento-de-datos\\\/\"]}]},{\"@type\":\"BreadcrumbList\",\"@id\":\"https:\\\/\\\/archilaabogados.com\\\/tratamiento-de-datos\\\/#breadcrumb\",\"itemListElement\":[{\"@type\":\"ListItem\",\"position\":1,\"name\":\"Home\",\"item\":\"https:\\\/\\\/archilaabogados.com\\\/\"},{\"@type\":\"ListItem\",\"position\":2,\"name\":\"Tratamiento de datos\"}]},{\"@type\":\"WebSite\",\"@id\":\"https:\\\/\\\/archilaabogados.com\\\/#website\",\"url\":\"https:\\\/\\\/archilaabogados.com\\\/\",\"name\":\"Archila Abogados\",\"description\":\"Servicios legales\",\"potentialAction\":[{\"@type\":\"SearchAction\",\"target\":{\"@type\":\"EntryPoint\",\"urlTemplate\":\"https:\\\/\\\/archilaabogados.com\\\/?s={search_term_string}\"},\"query-input\":{\"@type\":\"PropertyValueSpecification\",\"valueRequired\":true,\"valueName\":\"search_term_string\"}}],\"inLanguage\":\"en-US\"}]}<\/script>\n<!-- \/ Yoast SEO plugin. -->","yoast_head_json":{"title":"Tratamiento de datos - Archila Abogados","robots":{"index":"index","follow":"follow","max-snippet":"max-snippet:-1","max-image-preview":"max-image-preview:large","max-video-preview":"max-video-preview:-1"},"canonical":"https:\/\/archilaabogados.com\/en\/tratamiento-de-datos\/","og_locale":"en_US","og_type":"article","og_title":"Tratamiento de datos - Archila Abogados","og_description":"Pol\u00edtica de protecci\u00f3n de datos personales POL\u00cdTICA DE PROTECCI\u00d3N Y TRATAMIENTO DE DATOS PERSONALES ARCHILA ABOGADOS LTDA. En cumplimiento de lo establecido en la Ley 1581 de 2012 y el Decreto 1377 de 2013, el presente documento contiene la Pol\u00edtica de Protecci\u00f3n y tratamiento de Datos Personales, recaudados por Archila Abogados Ltda. en adelante \u201cArchila...","og_url":"https:\/\/archilaabogados.com\/en\/tratamiento-de-datos\/","og_site_name":"Archila Abogados","article_modified_time":"2022-07-14T00:03:45+00:00","twitter_card":"summary_large_image","twitter_misc":{"Est. reading time":"8 minutes"},"schema":{"@context":"https:\/\/schema.org","@graph":[{"@type":"WebPage","@id":"https:\/\/archilaabogados.com\/tratamiento-de-datos\/","url":"https:\/\/archilaabogados.com\/tratamiento-de-datos\/","name":"Tratamiento de datos - Archila Abogados","isPartOf":{"@id":"https:\/\/archilaabogados.com\/#website"},"datePublished":"2022-06-07T22:44:32+00:00","dateModified":"2022-07-14T00:03:45+00:00","breadcrumb":{"@id":"https:\/\/archilaabogados.com\/tratamiento-de-datos\/#breadcrumb"},"inLanguage":"en-US","potentialAction":[{"@type":"ReadAction","target":["https:\/\/archilaabogados.com\/tratamiento-de-datos\/"]}]},{"@type":"BreadcrumbList","@id":"https:\/\/archilaabogados.com\/tratamiento-de-datos\/#breadcrumb","itemListElement":[{"@type":"ListItem","position":1,"name":"Home","item":"https:\/\/archilaabogados.com\/"},{"@type":"ListItem","position":2,"name":"Tratamiento de datos"}]},{"@type":"WebSite","@id":"https:\/\/archilaabogados.com\/#website","url":"https:\/\/archilaabogados.com\/","name":"Archila Abogados","description":"Servicios legales","potentialAction":[{"@type":"SearchAction","target":{"@type":"EntryPoint","urlTemplate":"https:\/\/archilaabogados.com\/?s={search_term_string}"},"query-input":{"@type":"PropertyValueSpecification","valueRequired":true,"valueName":"search_term_string"}}],"inLanguage":"en-US"}]}},"_links":{"self":[{"href":"https:\/\/archilaabogados.com\/en\/wp-json\/wp\/v2\/pages\/2253","targetHints":{"allow":["GET"]}}],"collection":[{"href":"https:\/\/archilaabogados.com\/en\/wp-json\/wp\/v2\/pages"}],"about":[{"href":"https:\/\/archilaabogados.com\/en\/wp-json\/wp\/v2\/types\/page"}],"author":[{"embeddable":true,"href":"https:\/\/archilaabogados.com\/en\/wp-json\/wp\/v2\/users\/1"}],"replies":[{"embeddable":true,"href":"https:\/\/archilaabogados.com\/en\/wp-json\/wp\/v2\/comments?post=2253"}],"version-history":[{"count":5,"href":"https:\/\/archilaabogados.com\/en\/wp-json\/wp\/v2\/pages\/2253\/revisions"}],"predecessor-version":[{"id":3416,"href":"https:\/\/archilaabogados.com\/en\/wp-json\/wp\/v2\/pages\/2253\/revisions\/3416"}],"wp:attachment":[{"href":"https:\/\/archilaabogados.com\/en\/wp-json\/wp\/v2\/media?parent=2253"}],"curies":[{"name":"wp","href":"https:\/\/api.w.org\/{rel}","templated":true}]}}