{"id":3556,"date":"2022-07-15T17:27:17","date_gmt":"2022-07-15T17:27:17","guid":{"rendered":"https:\/\/archilaabogados.com\/?page_id=3556"},"modified":"2024-05-02T22:13:22","modified_gmt":"2024-05-02T22:13:22","slug":"emilio-jose-archila-penalosa","status":"publish","type":"page","link":"https:\/\/archilaabogados.com\/en\/emilio-jose-archila-penalosa\/","title":{"rendered":"Emilio Jos\u00e9 Archila Pe\u00f1alosa"},"content":{"rendered":"<div data-elementor-type=\"wp-page\" data-elementor-id=\"3556\" class=\"elementor elementor-3556\" data-elementor-post-type=\"page\">\n\t\t\t\t\t\t<section class=\"elementor-section elementor-top-section elementor-element elementor-element-8cf98f8 elementor-section-content-middle elementor-section-height-min-height elementor-section-items-bottom elementor-section-boxed elementor-section-height-default\" data-id=\"8cf98f8\" data-element_type=\"section\" data-e-type=\"section\" data-settings=\"{&quot;background_background&quot;:&quot;classic&quot;}\">\n\t\t\t\t\t\t\t<div class=\"elementor-background-overlay\"><\/div>\n\t\t\t\t\t\t\t<div class=\"elementor-container elementor-column-gap-default\">\n\t\t\t\t\t<div class=\"elementor-column elementor-col-100 elementor-top-column elementor-element elementor-element-08c3557\" data-id=\"08c3557\" data-element_type=\"column\" data-e-type=\"column\">\n\t\t\t<div class=\"elementor-widget-wrap elementor-element-populated\">\n\t\t\t\t\t\t<div class=\"elementor-element elementor-element-f14cd3d elementor-widget elementor-widget-heading\" data-id=\"f14cd3d\" data-element_type=\"widget\" data-e-type=\"widget\" data-widget_type=\"heading.default\">\n\t\t\t\t<div class=\"elementor-widget-container\">\n\t\t\t\t\t<h1 class=\"elementor-heading-title elementor-size-default\">Emilio Jos\u00e9 Archila Pe\u00f1alosa  <\/h1>\t\t\t\t<\/div>\n\t\t\t\t<\/div>\n\t\t\t\t\t<\/div>\n\t\t<\/div>\n\t\t\t\t\t<\/div>\n\t\t<\/section>\n\t\t\t\t<section class=\"elementor-section elementor-top-section elementor-element elementor-element-d32649b elementor-hidden-tablet elementor-hidden-mobile elementor-section-boxed elementor-section-height-default elementor-section-height-default\" data-id=\"d32649b\" data-element_type=\"section\" data-e-type=\"section\" data-settings=\"{&quot;background_background&quot;:&quot;classic&quot;}\">\n\t\t\t\t\t\t\t<div class=\"elementor-background-overlay\"><\/div>\n\t\t\t\t\t\t\t<div class=\"elementor-container elementor-column-gap-default\">\n\t\t\t\t\t<div class=\"elementor-column elementor-col-100 elementor-top-column elementor-element elementor-element-227863a\" data-id=\"227863a\" data-element_type=\"column\" data-e-type=\"column\">\n\t\t\t<div class=\"elementor-widget-wrap elementor-element-populated\">\n\t\t\t\t\t\t<div class=\"elementor-element elementor-element-3f7b1d9 elementor-tabs-alignment-center elementor-tabs-view-horizontal elementor-widget elementor-widget-tabs\" data-id=\"3f7b1d9\" data-element_type=\"widget\" data-e-type=\"widget\" data-widget_type=\"tabs.default\">\n\t\t\t\t<div class=\"elementor-widget-container\">\n\t\t\t\t\t\t\t<div class=\"elementor-tabs\">\n\t\t\t<div class=\"elementor-tabs-wrapper\" role=\"tablist\" >\n\t\t\t\t\t\t\t\t\t<div id=\"elementor-tab-title-6651\" class=\"elementor-tab-title elementor-tab-desktop-title\" aria-selected=\"true\" data-tab=\"1\" role=\"tab\" tabindex=\"0\" aria-controls=\"elementor-tab-content-6651\" aria-expanded=\"false\">EDUCACI\u00d3N<\/div>\n\t\t\t\t\t\t\t\t\t<div id=\"elementor-tab-title-6652\" class=\"elementor-tab-title elementor-tab-desktop-title\" aria-selected=\"false\" data-tab=\"2\" role=\"tab\" tabindex=\"-1\" aria-controls=\"elementor-tab-content-6652\" aria-expanded=\"false\">DOCENCIA<\/div>\n\t\t\t\t\t\t\t\t\t<div id=\"elementor-tab-title-6653\" class=\"elementor-tab-title elementor-tab-desktop-title\" aria-selected=\"false\" data-tab=\"3\" role=\"tab\" tabindex=\"-1\" aria-controls=\"elementor-tab-content-6653\" aria-expanded=\"false\">EXPERIENCIA<\/div>\n\t\t\t\t\t\t\t\t\t<div id=\"elementor-tab-title-6654\" class=\"elementor-tab-title elementor-tab-desktop-title\" aria-selected=\"false\" data-tab=\"4\" role=\"tab\" tabindex=\"-1\" aria-controls=\"elementor-tab-content-6654\" aria-expanded=\"false\">CONTACTO<\/div>\n\t\t\t\t\t\t\t<\/div>\n\t\t\t<div class=\"elementor-tabs-content-wrapper\" role=\"tablist\" aria-orientation=\"vertical\">\n\t\t\t\t\t\t\t\t\t<div class=\"elementor-tab-title elementor-tab-mobile-title\" aria-selected=\"true\" data-tab=\"1\" role=\"tab\" tabindex=\"0\" aria-controls=\"elementor-tab-content-6651\" aria-expanded=\"false\">EDUCACI\u00d3N<\/div>\n\t\t\t\t\t<div id=\"elementor-tab-content-6651\" class=\"elementor-tab-content elementor-clearfix\" data-tab=\"1\" role=\"tabpanel\" aria-labelledby=\"elementor-tab-title-6651\" tabindex=\"0\" hidden=\"false\"><ul><li><p>Abogado &#8211; Universidad Externado de Colombia<\/p><\/li><li><p>Maestr\u00eda \u2013 Jurisprudencia comparada \u2013 NYU<\/p><\/li><li><p>Especializaci\u00f3n &#8211; Legislaci\u00f3n Financiera \u2013 Universidad de los Andes<\/p><\/li><li><p>Especializaci\u00f3n &#8211; Derecho para el Desarrollo (D.L.C.) &#8211;\u00a0 International Development Law Institute<\/p><\/li><\/ul><\/div>\n\t\t\t\t\t\t\t\t\t<div class=\"elementor-tab-title elementor-tab-mobile-title\" aria-selected=\"false\" data-tab=\"2\" role=\"tab\" tabindex=\"-1\" aria-controls=\"elementor-tab-content-6652\" aria-expanded=\"false\">DOCENCIA<\/div>\n\t\t\t\t\t<div id=\"elementor-tab-content-6652\" class=\"elementor-tab-content elementor-clearfix\" data-tab=\"2\" role=\"tabpanel\" aria-labelledby=\"elementor-tab-title-6652\" tabindex=\"0\" hidden=\"hidden\"><ul><li><p>Profesor posgrado Facultad de derecho &#8211; Universidad Externado de Colombia<\/p><\/li><li><p>Profesor pregrado Facultad de derecho &#8211; Universidad Externado de Colombia<\/p><\/li><li><p>Profesor pregrado Facultad de derecho \u2013 Universidad Central<\/p><\/li><li><p>Profesor pregrado Facultad de derecho \u2013 Colegio Mayor de Nuestra Se\u00f1ora del Rosario<\/p><\/li><li><p>Profesor posgrado Facultad de derecho \u2013 Universidad Javeriana<\/p><\/li><li><p>Profesor posgrado Facultad de derecho \u2013 Universidad ICESI<\/p><\/li><\/ul><\/div>\n\t\t\t\t\t\t\t\t\t<div class=\"elementor-tab-title elementor-tab-mobile-title\" aria-selected=\"false\" data-tab=\"3\" role=\"tab\" tabindex=\"-1\" aria-controls=\"elementor-tab-content-6653\" aria-expanded=\"false\">EXPERIENCIA<\/div>\n\t\t\t\t\t<div id=\"elementor-tab-content-6653\" class=\"elementor-tab-content elementor-clearfix\" data-tab=\"3\" role=\"tabpanel\" aria-labelledby=\"elementor-tab-title-6653\" tabindex=\"0\" hidden=\"hidden\"><ul><li><p>Presidencia de la Rep\u00fablica de Colombia &#8211;\u00a0 Consejero para la Estabilizaci\u00f3n y Consolidaci\u00f3n<\/p><\/li><li><p>Universidad Externado de Colombia \u2013 Director departamento de derecho econ\u00f3mico<\/p><\/li><li><p>Asociaci\u00f3n de comisionistas de bolsa (ASOBOLSA) \u2013 Presidente<\/p><\/li><li><p>Superintendencia de Industria y Comercio \u2013 Superintendente<\/p><\/li><li><p>Superintendencia de Industria y Comercio &#8211; Superintendente Delegado para la Promoci\u00f3n de la Competencia<\/p><\/li><li><p>Superintendencia de Industria y Comercio \u2013 Jefe divisi\u00f3n de C\u00e1maras de Comercio y Profesiones Comerciales<\/p><\/li><li><p>Superintendencia financiera &#8211; Superintendente Delegado para Seguros y Capitalizaci\u00f3n<\/p><\/li><li><p>Superintendencia financiera \u2013 Abogado secci\u00f3n Legal de Seguros y Capitalizaci\u00f3n<\/p><\/li><li><p>Ministerio de comercio, industria y turismo \u2013 Jefe oficina jur\u00eddica<\/p><\/li><li><p>Prieto Montoya Estrada y asociados \u2013 Asociado Jr.<\/p><\/li><li><p>Salazar Pardo y asociados &#8211; Abogado<\/p><\/li><\/ul><\/div>\n\t\t\t\t\t\t\t\t\t<div class=\"elementor-tab-title elementor-tab-mobile-title\" aria-selected=\"false\" data-tab=\"4\" role=\"tab\" tabindex=\"-1\" aria-controls=\"elementor-tab-content-6654\" aria-expanded=\"false\">CONTACTO<\/div>\n\t\t\t\t\t<div id=\"elementor-tab-content-6654\" class=\"elementor-tab-content elementor-clearfix\" data-tab=\"4\" role=\"tabpanel\" aria-labelledby=\"elementor-tab-title-6654\" tabindex=\"0\" hidden=\"hidden\"><p><a href=\"mailto:aaponte@archilaabogados.com\">aaponte@archilaabogados.com<\/a><br \/><a href=\"https:\/\/twitter.com\/emiliojarchila\">Siguelo en Twitter @EmilioJArchila<\/a><\/p><\/div>\n\t\t\t\t\t\t\t<\/div>\n\t\t<\/div>\n\t\t\t\t\t\t<\/div>\n\t\t\t\t<\/div>\n\t\t\t\t\t<\/div>\n\t\t<\/div>\n\t\t\t\t\t<\/div>\n\t\t<\/section>\n\t\t\t\t<section class=\"elementor-section elementor-top-section elementor-element elementor-element-9541e9b elementor-section-full_width elementor-hidden-desktop elementor-hidden-tablet elementor-section-height-default elementor-section-height-default\" data-id=\"9541e9b\" data-element_type=\"section\" data-e-type=\"section\" data-settings=\"{&quot;background_background&quot;:&quot;classic&quot;}\">\n\t\t\t\t\t\t\t<div class=\"elementor-background-overlay\"><\/div>\n\t\t\t\t\t\t\t<div class=\"elementor-container elementor-column-gap-no\">\n\t\t\t\t\t<div class=\"elementor-column elementor-col-100 elementor-top-column elementor-element elementor-element-5ec21cd\" data-id=\"5ec21cd\" data-element_type=\"column\" data-e-type=\"column\">\n\t\t\t<div class=\"elementor-widget-wrap elementor-element-populated\">\n\t\t\t\t\t\t<div class=\"elementor-element elementor-element-b420b5b elementor-widget elementor-widget-image\" data-id=\"b420b5b\" data-element_type=\"widget\" data-e-type=\"widget\" data-widget_type=\"image.default\">\n\t\t\t\t<div class=\"elementor-widget-container\">\n\t\t\t\t\t\t\t\t\t\t\t\t\t\t\t<img fetchpriority=\"high\" decoding=\"async\" width=\"900\" height=\"360\" src=\"https:\/\/archilaabogados.com\/wp-content\/uploads\/2022\/07\/Emilio-Jose-Archila-1024x410.jpg\" class=\"attachment-large size-large wp-image-3600\" alt=\"\" srcset=\"https:\/\/archilaabogados.com\/wp-content\/uploads\/2022\/07\/Emilio-Jose-Archila-1024x410.jpg 1024w, https:\/\/archilaabogados.com\/wp-content\/uploads\/2022\/07\/Emilio-Jose-Archila-300x120.jpg 300w, https:\/\/archilaabogados.com\/wp-content\/uploads\/2022\/07\/Emilio-Jose-Archila-768x307.jpg 768w, https:\/\/archilaabogados.com\/wp-content\/uploads\/2022\/07\/Emilio-Jose-Archila-18x7.jpg 18w, https:\/\/archilaabogados.com\/wp-content\/uploads\/2022\/07\/Emilio-Jose-Archila.jpg 1280w\" sizes=\"(max-width: 900px) 100vw, 900px\" \/>\t\t\t\t\t\t\t\t\t\t\t\t\t\t\t<\/div>\n\t\t\t\t<\/div>\n\t\t\t\t<div class=\"elementor-element elementor-element-9e19f9a elementor-widget elementor-widget-heading\" data-id=\"9e19f9a\" data-element_type=\"widget\" data-e-type=\"widget\" data-widget_type=\"heading.default\">\n\t\t\t\t<div class=\"elementor-widget-container\">\n\t\t\t\t\t<h2 class=\"elementor-heading-title elementor-size-default\">Emilio Jos\u00e9 Archila Pe\u00f1alosa<\/h2>\t\t\t\t<\/div>\n\t\t\t\t<\/div>\n\t\t\t\t\t<\/div>\n\t\t<\/div>\n\t\t\t\t\t<\/div>\n\t\t<\/section>\n\t\t\t\t<section class=\"elementor-section elementor-top-section elementor-element elementor-element-0d4ac4b elementor-hidden-desktop elementor-section-boxed elementor-section-height-default elementor-section-height-default\" data-id=\"0d4ac4b\" data-element_type=\"section\" data-e-type=\"section\" data-settings=\"{&quot;background_background&quot;:&quot;classic&quot;}\">\n\t\t\t\t\t\t\t<div class=\"elementor-background-overlay\"><\/div>\n\t\t\t\t\t\t\t<div class=\"elementor-container elementor-column-gap-default\">\n\t\t\t\t\t<div class=\"elementor-column elementor-col-100 elementor-top-column elementor-element elementor-element-4dea4c1\" data-id=\"4dea4c1\" data-element_type=\"column\" data-e-type=\"column\">\n\t\t\t<div class=\"elementor-widget-wrap elementor-element-populated\">\n\t\t\t\t\t\t<div class=\"elementor-element elementor-element-4cef361 elementor-tabs-alignment-center elementor-tabs-view-horizontal elementor-widget elementor-widget-tabs\" data-id=\"4cef361\" data-element_type=\"widget\" data-e-type=\"widget\" data-widget_type=\"tabs.default\">\n\t\t\t\t<div class=\"elementor-widget-container\">\n\t\t\t\t\t\t\t<div class=\"elementor-tabs\">\n\t\t\t<div class=\"elementor-tabs-wrapper\" role=\"tablist\" >\n\t\t\t\t\t\t\t\t\t<div id=\"elementor-tab-title-8061\" class=\"elementor-tab-title elementor-tab-desktop-title\" aria-selected=\"true\" data-tab=\"1\" role=\"tab\" tabindex=\"0\" aria-controls=\"elementor-tab-content-8061\" aria-expanded=\"false\">EDUCACI\u00d3N<\/div>\n\t\t\t\t\t\t\t\t\t<div id=\"elementor-tab-title-8062\" class=\"elementor-tab-title elementor-tab-desktop-title\" aria-selected=\"false\" data-tab=\"2\" role=\"tab\" tabindex=\"-1\" aria-controls=\"elementor-tab-content-8062\" aria-expanded=\"false\">DOCENCIA<\/div>\n\t\t\t\t\t\t\t\t\t<div id=\"elementor-tab-title-8063\" class=\"elementor-tab-title elementor-tab-desktop-title\" aria-selected=\"false\" data-tab=\"3\" role=\"tab\" tabindex=\"-1\" aria-controls=\"elementor-tab-content-8063\" aria-expanded=\"false\">EXPERIENCIA<\/div>\n\t\t\t\t\t\t\t\t\t<div id=\"elementor-tab-title-8064\" class=\"elementor-tab-title elementor-tab-desktop-title\" aria-selected=\"false\" data-tab=\"4\" role=\"tab\" tabindex=\"-1\" aria-controls=\"elementor-tab-content-8064\" aria-expanded=\"false\">CONTACTO<\/div>\n\t\t\t\t\t\t\t<\/div>\n\t\t\t<div class=\"elementor-tabs-content-wrapper\" role=\"tablist\" aria-orientation=\"vertical\">\n\t\t\t\t\t\t\t\t\t<div class=\"elementor-tab-title elementor-tab-mobile-title\" aria-selected=\"true\" data-tab=\"1\" role=\"tab\" tabindex=\"0\" aria-controls=\"elementor-tab-content-8061\" aria-expanded=\"false\">EDUCACI\u00d3N<\/div>\n\t\t\t\t\t<div id=\"elementor-tab-content-8061\" class=\"elementor-tab-content elementor-clearfix\" data-tab=\"1\" role=\"tabpanel\" aria-labelledby=\"elementor-tab-title-8061\" tabindex=\"0\" hidden=\"false\"><ul><li><p>Abogado &#8211; Universidad Externado de Colombia<\/p><\/li><li><p>Maestr\u00eda \u2013 Jurisprudencia comparada \u2013 NYU<\/p><\/li><li><p>Especializaci\u00f3n &#8211; Legislaci\u00f3n Financiera \u2013 Universidad de los Andes<\/p><\/li><li><p>Especializaci\u00f3n &#8211; Derecho para el Desarrollo (D.L.C.) &#8211;\u00a0 International Development Law Institute<\/p><\/li><\/ul><\/div>\n\t\t\t\t\t\t\t\t\t<div class=\"elementor-tab-title elementor-tab-mobile-title\" aria-selected=\"false\" data-tab=\"2\" role=\"tab\" tabindex=\"-1\" aria-controls=\"elementor-tab-content-8062\" aria-expanded=\"false\">DOCENCIA<\/div>\n\t\t\t\t\t<div id=\"elementor-tab-content-8062\" class=\"elementor-tab-content elementor-clearfix\" data-tab=\"2\" role=\"tabpanel\" aria-labelledby=\"elementor-tab-title-8062\" tabindex=\"0\" hidden=\"hidden\"><ul><li><p>Profesor posgrado Facultad de derecho &#8211; Universidad Externado de Colombia<\/p><\/li><li><p>Profesor pregrado Facultad de derecho &#8211; Universidad Externado de Colombia<\/p><\/li><li><p>Profesor pregrado Facultad de derecho \u2013 Universidad Central<\/p><\/li><li><p>Profesor pregrado Facultad de derecho \u2013 Colegio Mayor de Nuestra Se\u00f1ora del Rosario<\/p><\/li><li><p>Profesor posgrado Facultad de derecho \u2013 Universidad Javeriana<\/p><\/li><li><p>Profesor posgrado Facultad de derecho \u2013 Universidad ICESI<\/p><\/li><\/ul><\/div>\n\t\t\t\t\t\t\t\t\t<div class=\"elementor-tab-title elementor-tab-mobile-title\" aria-selected=\"false\" data-tab=\"3\" role=\"tab\" tabindex=\"-1\" aria-controls=\"elementor-tab-content-8063\" aria-expanded=\"false\">EXPERIENCIA<\/div>\n\t\t\t\t\t<div id=\"elementor-tab-content-8063\" class=\"elementor-tab-content elementor-clearfix\" data-tab=\"3\" role=\"tabpanel\" aria-labelledby=\"elementor-tab-title-8063\" tabindex=\"0\" hidden=\"hidden\"><ul><li><p>Presidencia de la Rep\u00fablica de Colombia &#8211;\u00a0 Consejero para la Estabilizaci\u00f3n y Consolidaci\u00f3n<\/p><\/li><li><p>Universidad Externado de Colombia \u2013 Director departamento de derecho econ\u00f3mico<\/p><\/li><li><p>Asociaci\u00f3n de comisionistas de bolsa (ASOBOLSA) \u2013 Presidente<\/p><\/li><li><p>Superintendencia de Industria y Comercio \u2013 Superintendente<\/p><\/li><li><p>Superintendencia de Industria y Comercio &#8211; Superintendente Delegado para la Promoci\u00f3n de la Competencia<\/p><\/li><li><p>Superintendencia de Industria y Comercio \u2013 Jefe divisi\u00f3n de C\u00e1maras de Comercio y Profesiones Comerciales<\/p><\/li><li><p>Superintendencia financiera &#8211; Superintendente Delegado para Seguros y Capitalizaci\u00f3n<\/p><\/li><li><p>Superintendencia financiera \u2013 Abogado secci\u00f3n Legal de Seguros y Capitalizaci\u00f3n<\/p><\/li><li><p>Ministerio de comercio, industria y turismo \u2013 Jefe oficina jur\u00eddica<\/p><\/li><li><p>Prieto Montoya Estrada y asociados \u2013 Asociado Jr.<\/p><\/li><li><p>Salazar Pardo y asociados &#8211; Abogado<\/p><\/li><li>\u00a0<\/li><\/ul><\/div>\n\t\t\t\t\t\t\t\t\t<div class=\"elementor-tab-title elementor-tab-mobile-title\" aria-selected=\"false\" data-tab=\"4\" role=\"tab\" tabindex=\"-1\" aria-controls=\"elementor-tab-content-8064\" aria-expanded=\"false\">CONTACTO<\/div>\n\t\t\t\t\t<div id=\"elementor-tab-content-8064\" class=\"elementor-tab-content elementor-clearfix\" data-tab=\"4\" role=\"tabpanel\" aria-labelledby=\"elementor-tab-title-8064\" tabindex=\"0\" hidden=\"hidden\"><p><a href=\"mailto:aaponte@archilaabogados.com\">aaponte@archilaabogados.com<\/a><br \/><a href=\"https:\/\/twitter.com\/emiliojarchila\">Siguelo en Twitter @EmilioJArchila<\/a><\/p><\/div>\n\t\t\t\t\t\t\t<\/div>\n\t\t<\/div>\n\t\t\t\t\t\t<\/div>\n\t\t\t\t<\/div>\n\t\t\t\t\t<\/div>\n\t\t<\/div>\n\t\t\t\t\t<\/div>\n\t\t<\/section>\n\t\t\t\t<\/div>","protected":false},"excerpt":{"rendered":"<p>Emilio Jos\u00e9 Archila Pe\u00f1alosa EDUCACI\u00d3N DOCENCIA EXPERIENCIA CONTACTO EDUCACI\u00d3N Abogado &#8211; Universidad Externado de Colombia Maestr\u00eda \u2013 Jurisprudencia comparada \u2013 NYU Especializaci\u00f3n &#8211; Legislaci\u00f3n Financiera \u2013 Universidad de los Andes Especializaci\u00f3n &#8211; Derecho para el Desarrollo (D.L.C.) &#8211;\u00a0 International Development Law Institute DOCENCIA Profesor posgrado Facultad de derecho &#8211; Universidad Externado de Colombia Profesor pregrado&#8230;<\/p>","protected":false},"author":1,"featured_media":0,"parent":0,"menu_order":0,"comment_status":"closed","ping_status":"closed","template":"","meta":{"_kad_post_transparent":"","_kad_post_title":"hide","_kad_post_layout":"fullwidth","_kad_post_sidebar_id":"","_kad_post_content_style":"unboxed","_kad_post_vertical_padding":"hide","_kad_post_feature":"hide","_kad_post_feature_position":"","_kad_post_header":false,"_kad_post_footer":false,"footnotes":""},"class_list":["post-3556","page","type-page","status-publish","hentry"],"yoast_head":"<!-- This site is optimized with the Yoast SEO plugin v27.4 - https:\/\/yoast.com\/product\/yoast-seo-wordpress\/ -->\n<title>Emilio Jos\u00e9 Archila Pe\u00f1alosa - Archila Abogados<\/title>\n<meta name=\"robots\" content=\"index, follow, max-snippet:-1, max-image-preview:large, max-video-preview:-1\" \/>\n<link rel=\"canonical\" href=\"https:\/\/archilaabogados.com\/en\/emilio-jose-archila-penalosa\/\" \/>\n<meta property=\"og:locale\" content=\"en_US\" \/>\n<meta property=\"og:type\" content=\"article\" \/>\n<meta property=\"og:title\" content=\"Emilio Jos\u00e9 Archila Pe\u00f1alosa - Archila Abogados\" \/>\n<meta property=\"og:description\" content=\"Emilio Jos\u00e9 Archila Pe\u00f1alosa EDUCACI\u00d3N DOCENCIA EXPERIENCIA CONTACTO EDUCACI\u00d3N Abogado &#8211; Universidad Externado de Colombia Maestr\u00eda \u2013 Jurisprudencia comparada \u2013 NYU Especializaci\u00f3n &#8211; Legislaci\u00f3n Financiera \u2013 Universidad de los Andes Especializaci\u00f3n &#8211; Derecho para el Desarrollo (D.L.C.) &#8211;\u00a0 International Development Law Institute DOCENCIA Profesor posgrado Facultad de derecho &#8211; Universidad Externado de Colombia Profesor pregrado...\" \/>\n<meta property=\"og:url\" content=\"https:\/\/archilaabogados.com\/en\/emilio-jose-archila-penalosa\/\" \/>\n<meta property=\"og:site_name\" content=\"Archila Abogados\" \/>\n<meta property=\"article:modified_time\" content=\"2024-05-02T22:13:22+00:00\" \/>\n<meta property=\"og:image\" content=\"http:\/\/archilaabogados.com\/wp-content\/uploads\/2022\/07\/Emilio-Jose-Archila-1024x410.jpg\" \/>\n<meta name=\"twitter:card\" content=\"summary_large_image\" \/>\n<meta name=\"twitter:label1\" content=\"Est. reading time\" \/>\n\t<meta name=\"twitter:data1\" content=\"2 minutes\" \/>\n<script type=\"application\/ld+json\" class=\"yoast-schema-graph\">{\"@context\":\"https:\\\/\\\/schema.org\",\"@graph\":[{\"@type\":\"WebPage\",\"@id\":\"https:\\\/\\\/archilaabogados.com\\\/emilio-jose-archila-penalosa\\\/\",\"url\":\"https:\\\/\\\/archilaabogados.com\\\/emilio-jose-archila-penalosa\\\/\",\"name\":\"Emilio Jos\u00e9 Archila Pe\u00f1alosa - Archila Abogados\",\"isPartOf\":{\"@id\":\"https:\\\/\\\/archilaabogados.com\\\/#website\"},\"primaryImageOfPage\":{\"@id\":\"https:\\\/\\\/archilaabogados.com\\\/emilio-jose-archila-penalosa\\\/#primaryimage\"},\"image\":{\"@id\":\"https:\\\/\\\/archilaabogados.com\\\/emilio-jose-archila-penalosa\\\/#primaryimage\"},\"thumbnailUrl\":\"http:\\\/\\\/archilaabogados.com\\\/wp-content\\\/uploads\\\/2022\\\/07\\\/Emilio-Jose-Archila-1024x410.jpg\",\"datePublished\":\"2022-07-15T17:27:17+00:00\",\"dateModified\":\"2024-05-02T22:13:22+00:00\",\"breadcrumb\":{\"@id\":\"https:\\\/\\\/archilaabogados.com\\\/emilio-jose-archila-penalosa\\\/#breadcrumb\"},\"inLanguage\":\"en-US\",\"potentialAction\":[{\"@type\":\"ReadAction\",\"target\":[\"https:\\\/\\\/archilaabogados.com\\\/emilio-jose-archila-penalosa\\\/\"]}]},{\"@type\":\"ImageObject\",\"inLanguage\":\"en-US\",\"@id\":\"https:\\\/\\\/archilaabogados.com\\\/emilio-jose-archila-penalosa\\\/#primaryimage\",\"url\":\"http:\\\/\\\/archilaabogados.com\\\/wp-content\\\/uploads\\\/2022\\\/07\\\/Emilio-Jose-Archila-1024x410.jpg\",\"contentUrl\":\"http:\\\/\\\/archilaabogados.com\\\/wp-content\\\/uploads\\\/2022\\\/07\\\/Emilio-Jose-Archila-1024x410.jpg\"},{\"@type\":\"BreadcrumbList\",\"@id\":\"https:\\\/\\\/archilaabogados.com\\\/emilio-jose-archila-penalosa\\\/#breadcrumb\",\"itemListElement\":[{\"@type\":\"ListItem\",\"position\":1,\"name\":\"Home\",\"item\":\"https:\\\/\\\/archilaabogados.com\\\/\"},{\"@type\":\"ListItem\",\"position\":2,\"name\":\"Emilio Jos\u00e9 Archila Pe\u00f1alosa\"}]},{\"@type\":\"WebSite\",\"@id\":\"https:\\\/\\\/archilaabogados.com\\\/#website\",\"url\":\"https:\\\/\\\/archilaabogados.com\\\/\",\"name\":\"Archila Abogados\",\"description\":\"Servicios legales\",\"potentialAction\":[{\"@type\":\"SearchAction\",\"target\":{\"@type\":\"EntryPoint\",\"urlTemplate\":\"https:\\\/\\\/archilaabogados.com\\\/?s={search_term_string}\"},\"query-input\":{\"@type\":\"PropertyValueSpecification\",\"valueRequired\":true,\"valueName\":\"search_term_string\"}}],\"inLanguage\":\"en-US\"}]}<\/script>\n<!-- \/ Yoast SEO plugin. -->","yoast_head_json":{"title":"Emilio Jos\u00e9 Archila Pe\u00f1alosa - Archila Abogados","robots":{"index":"index","follow":"follow","max-snippet":"max-snippet:-1","max-image-preview":"max-image-preview:large","max-video-preview":"max-video-preview:-1"},"canonical":"https:\/\/archilaabogados.com\/en\/emilio-jose-archila-penalosa\/","og_locale":"en_US","og_type":"article","og_title":"Emilio Jos\u00e9 Archila Pe\u00f1alosa - Archila Abogados","og_description":"Emilio Jos\u00e9 Archila Pe\u00f1alosa EDUCACI\u00d3N DOCENCIA EXPERIENCIA CONTACTO EDUCACI\u00d3N Abogado &#8211; Universidad Externado de Colombia Maestr\u00eda \u2013 Jurisprudencia comparada \u2013 NYU Especializaci\u00f3n &#8211; Legislaci\u00f3n Financiera \u2013 Universidad de los Andes Especializaci\u00f3n &#8211; Derecho para el Desarrollo (D.L.C.) &#8211;\u00a0 International Development Law Institute DOCENCIA Profesor posgrado Facultad de derecho &#8211; Universidad Externado de Colombia Profesor pregrado...","og_url":"https:\/\/archilaabogados.com\/en\/emilio-jose-archila-penalosa\/","og_site_name":"Archila Abogados","article_modified_time":"2024-05-02T22:13:22+00:00","og_image":[{"url":"http:\/\/archilaabogados.com\/wp-content\/uploads\/2022\/07\/Emilio-Jose-Archila-1024x410.jpg","type":"","width":"","height":""}],"twitter_card":"summary_large_image","twitter_misc":{"Est. reading time":"2 minutes"},"schema":{"@context":"https:\/\/schema.org","@graph":[{"@type":"WebPage","@id":"https:\/\/archilaabogados.com\/emilio-jose-archila-penalosa\/","url":"https:\/\/archilaabogados.com\/emilio-jose-archila-penalosa\/","name":"Emilio Jos\u00e9 Archila Pe\u00f1alosa - Archila Abogados","isPartOf":{"@id":"https:\/\/archilaabogados.com\/#website"},"primaryImageOfPage":{"@id":"https:\/\/archilaabogados.com\/emilio-jose-archila-penalosa\/#primaryimage"},"image":{"@id":"https:\/\/archilaabogados.com\/emilio-jose-archila-penalosa\/#primaryimage"},"thumbnailUrl":"http:\/\/archilaabogados.com\/wp-content\/uploads\/2022\/07\/Emilio-Jose-Archila-1024x410.jpg","datePublished":"2022-07-15T17:27:17+00:00","dateModified":"2024-05-02T22:13:22+00:00","breadcrumb":{"@id":"https:\/\/archilaabogados.com\/emilio-jose-archila-penalosa\/#breadcrumb"},"inLanguage":"en-US","potentialAction":[{"@type":"ReadAction","target":["https:\/\/archilaabogados.com\/emilio-jose-archila-penalosa\/"]}]},{"@type":"ImageObject","inLanguage":"en-US","@id":"https:\/\/archilaabogados.com\/emilio-jose-archila-penalosa\/#primaryimage","url":"http:\/\/archilaabogados.com\/wp-content\/uploads\/2022\/07\/Emilio-Jose-Archila-1024x410.jpg","contentUrl":"http:\/\/archilaabogados.com\/wp-content\/uploads\/2022\/07\/Emilio-Jose-Archila-1024x410.jpg"},{"@type":"BreadcrumbList","@id":"https:\/\/archilaabogados.com\/emilio-jose-archila-penalosa\/#breadcrumb","itemListElement":[{"@type":"ListItem","position":1,"name":"Home","item":"https:\/\/archilaabogados.com\/"},{"@type":"ListItem","position":2,"name":"Emilio Jos\u00e9 Archila Pe\u00f1alosa"}]},{"@type":"WebSite","@id":"https:\/\/archilaabogados.com\/#website","url":"https:\/\/archilaabogados.com\/","name":"Archila Abogados","description":"Servicios legales","potentialAction":[{"@type":"SearchAction","target":{"@type":"EntryPoint","urlTemplate":"https:\/\/archilaabogados.com\/?s={search_term_string}"},"query-input":{"@type":"PropertyValueSpecification","valueRequired":true,"valueName":"search_term_string"}}],"inLanguage":"en-US"}]}},"_links":{"self":[{"href":"https:\/\/archilaabogados.com\/en\/wp-json\/wp\/v2\/pages\/3556","targetHints":{"allow":["GET"]}}],"collection":[{"href":"https:\/\/archilaabogados.com\/en\/wp-json\/wp\/v2\/pages"}],"about":[{"href":"https:\/\/archilaabogados.com\/en\/wp-json\/wp\/v2\/types\/page"}],"author":[{"embeddable":true,"href":"https:\/\/archilaabogados.com\/en\/wp-json\/wp\/v2\/users\/1"}],"replies":[{"embeddable":true,"href":"https:\/\/archilaabogados.com\/en\/wp-json\/wp\/v2\/comments?post=3556"}],"version-history":[{"count":20,"href":"https:\/\/archilaabogados.com\/en\/wp-json\/wp\/v2\/pages\/3556\/revisions"}],"predecessor-version":[{"id":4618,"href":"https:\/\/archilaabogados.com\/en\/wp-json\/wp\/v2\/pages\/3556\/revisions\/4618"}],"wp:attachment":[{"href":"https:\/\/archilaabogados.com\/en\/wp-json\/wp\/v2\/media?parent=3556"}],"curies":[{"name":"wp","href":"https:\/\/api.w.org\/{rel}","templated":true}]}}