{"id":4431,"date":"2023-12-01T10:19:48","date_gmt":"2023-12-01T10:19:48","guid":{"rendered":"https:\/\/archilaabogados.com\/?page_id=4431"},"modified":"2023-12-01T10:21:35","modified_gmt":"2023-12-01T10:21:35","slug":"sofia-suarez-correa","status":"publish","type":"page","link":"https:\/\/archilaabogados.com\/en\/sofia-suarez-correa\/","title":{"rendered":"Sof\u00eda Su\u00e1rez Correa"},"content":{"rendered":"<div data-elementor-type=\"wp-page\" data-elementor-id=\"4431\" class=\"elementor elementor-4431\" data-elementor-post-type=\"page\">\n\t\t\t\t\t\t<section class=\"elementor-section elementor-top-section elementor-element elementor-element-8cf98f8 elementor-section-full_width elementor-hidden-mobile elementor-hidden-tablet elementor-section-height-default elementor-section-height-default\" data-id=\"8cf98f8\" data-element_type=\"section\" data-e-type=\"section\" data-settings=\"{&quot;background_background&quot;:&quot;classic&quot;}\">\n\t\t\t\t\t\t\t<div class=\"elementor-background-overlay\"><\/div>\n\t\t\t\t\t\t\t<div class=\"elementor-container elementor-column-gap-default\">\n\t\t\t\t\t<div class=\"elementor-column elementor-col-50 elementor-top-column elementor-element elementor-element-08c3557\" data-id=\"08c3557\" data-element_type=\"column\" data-e-type=\"column\">\n\t\t\t<div class=\"elementor-widget-wrap elementor-element-populated\">\n\t\t\t\t\t\t<div class=\"elementor-element elementor-element-f14cd3d elementor-widget__width-initial elementor-widget elementor-widget-heading\" data-id=\"f14cd3d\" data-element_type=\"widget\" data-e-type=\"widget\" data-widget_type=\"heading.default\">\n\t\t\t\t<div class=\"elementor-widget-container\">\n\t\t\t\t\t<h1 class=\"elementor-heading-title elementor-size-default\">Sof\u00eda Su\u00e1rez Correa<\/h1>\t\t\t\t<\/div>\n\t\t\t\t<\/div>\n\t\t\t\t\t<\/div>\n\t\t<\/div>\n\t\t\t\t<div class=\"elementor-column elementor-col-50 elementor-top-column elementor-element elementor-element-d3a6f0c\" data-id=\"d3a6f0c\" data-element_type=\"column\" data-e-type=\"column\">\n\t\t\t<div class=\"elementor-widget-wrap elementor-element-populated\">\n\t\t\t\t\t\t\t<\/div>\n\t\t<\/div>\n\t\t\t\t\t<\/div>\n\t\t<\/section>\n\t\t\t\t<section class=\"elementor-section elementor-top-section elementor-element elementor-element-d32649b elementor-hidden-tablet elementor-hidden-mobile elementor-section-boxed elementor-section-height-default elementor-section-height-default\" data-id=\"d32649b\" data-element_type=\"section\" data-e-type=\"section\" data-settings=\"{&quot;background_background&quot;:&quot;classic&quot;}\">\n\t\t\t\t\t\t\t<div class=\"elementor-background-overlay\"><\/div>\n\t\t\t\t\t\t\t<div class=\"elementor-container elementor-column-gap-default\">\n\t\t\t\t\t<div class=\"elementor-column elementor-col-100 elementor-top-column elementor-element elementor-element-227863a\" data-id=\"227863a\" data-element_type=\"column\" data-e-type=\"column\">\n\t\t\t<div class=\"elementor-widget-wrap elementor-element-populated\">\n\t\t\t\t\t\t<div class=\"elementor-element elementor-element-49dafac elementor-widget elementor-widget-text-editor\" data-id=\"49dafac\" data-element_type=\"widget\" data-e-type=\"widget\" data-widget_type=\"text-editor.default\">\n\t\t\t\t<div class=\"elementor-widget-container\">\n\t\t\t\t\t\t\t\t\t<p>Estudiante de derecho y administraci\u00f3n de empresas de la Pontificia Universidad javeriana de Bogot\u00e1, con \u00e9nfasis en derecho comercial internacional y derecho de da\u00f1os. Ha participado en varios espacios acad\u00e9micos, como el semillero de derecho de derecho procesal y la cl\u00ednica jur\u00eddica de derecho y territorio de la Universidad Javeriana; y ha realizado varios proyectos de investigaci\u00f3n de la mano con el departamento de derecho econ\u00f3mico de la misma casa de estudios. Actualmente desempe\u00f1a el cargo de dependiente judicial en Archila Abogados.<\/p><p><strong>E-Mail: ssuarez@archilaabogados.com<\/strong><\/p>\t\t\t\t\t\t\t\t<\/div>\n\t\t\t\t<\/div>\n\t\t\t\t\t<\/div>\n\t\t<\/div>\n\t\t\t\t\t<\/div>\n\t\t<\/section>\n\t\t\t\t<section class=\"elementor-section elementor-top-section elementor-element elementor-element-9541e9b elementor-section-full_width elementor-hidden-desktop elementor-hidden-tablet elementor-section-height-default elementor-section-height-default\" data-id=\"9541e9b\" data-element_type=\"section\" data-e-type=\"section\" data-settings=\"{&quot;background_background&quot;:&quot;classic&quot;}\">\n\t\t\t\t\t\t\t<div class=\"elementor-background-overlay\"><\/div>\n\t\t\t\t\t\t\t<div class=\"elementor-container elementor-column-gap-no\">\n\t\t\t\t\t<div class=\"elementor-column elementor-col-100 elementor-top-column elementor-element elementor-element-5ec21cd\" data-id=\"5ec21cd\" data-element_type=\"column\" data-e-type=\"column\">\n\t\t\t<div class=\"elementor-widget-wrap elementor-element-populated\">\n\t\t\t\t\t\t<div class=\"elementor-element elementor-element-b420b5b elementor-widget elementor-widget-image\" data-id=\"b420b5b\" data-element_type=\"widget\" data-e-type=\"widget\" data-widget_type=\"image.default\">\n\t\t\t\t<div class=\"elementor-widget-container\">\n\t\t\t\t\t\t\t\t\t\t\t\t\t\t\t<img fetchpriority=\"high\" decoding=\"async\" width=\"900\" height=\"360\" src=\"https:\/\/archilaabogados.com\/wp-content\/uploads\/2022\/07\/David-Segura-1024x410.jpg\" class=\"attachment-large size-large wp-image-3824\" alt=\"\" srcset=\"https:\/\/archilaabogados.com\/wp-content\/uploads\/2022\/07\/David-Segura-1024x410.jpg 1024w, https:\/\/archilaabogados.com\/wp-content\/uploads\/2022\/07\/David-Segura-300x120.jpg 300w, https:\/\/archilaabogados.com\/wp-content\/uploads\/2022\/07\/David-Segura-768x307.jpg 768w, https:\/\/archilaabogados.com\/wp-content\/uploads\/2022\/07\/David-Segura-18x7.jpg 18w, https:\/\/archilaabogados.com\/wp-content\/uploads\/2022\/07\/David-Segura.jpg 1280w\" sizes=\"(max-width: 900px) 100vw, 900px\" \/>\t\t\t\t\t\t\t\t\t\t\t\t\t\t\t<\/div>\n\t\t\t\t<\/div>\n\t\t\t\t<div class=\"elementor-element elementor-element-9e19f9a elementor-widget elementor-widget-heading\" data-id=\"9e19f9a\" data-element_type=\"widget\" data-e-type=\"widget\" data-widget_type=\"heading.default\">\n\t\t\t\t<div class=\"elementor-widget-container\">\n\t\t\t\t\t<h2 class=\"elementor-heading-title elementor-size-default\">David Augusto Segura Olaya<\/h2>\t\t\t\t<\/div>\n\t\t\t\t<\/div>\n\t\t\t\t\t<\/div>\n\t\t<\/div>\n\t\t\t\t\t<\/div>\n\t\t<\/section>\n\t\t\t\t<section class=\"elementor-section elementor-top-section elementor-element elementor-element-0d4ac4b elementor-hidden-desktop elementor-section-boxed elementor-section-height-default elementor-section-height-default\" data-id=\"0d4ac4b\" data-element_type=\"section\" data-e-type=\"section\" data-settings=\"{&quot;background_background&quot;:&quot;classic&quot;}\">\n\t\t\t\t\t\t\t<div class=\"elementor-background-overlay\"><\/div>\n\t\t\t\t\t\t\t<div class=\"elementor-container elementor-column-gap-default\">\n\t\t\t\t\t<div class=\"elementor-column elementor-col-100 elementor-top-column elementor-element elementor-element-4dea4c1\" data-id=\"4dea4c1\" data-element_type=\"column\" data-e-type=\"column\">\n\t\t\t<div class=\"elementor-widget-wrap elementor-element-populated\">\n\t\t\t\t\t\t<div class=\"elementor-element elementor-element-4cef361 elementor-tabs-alignment-center elementor-tabs-view-horizontal elementor-widget elementor-widget-tabs\" data-id=\"4cef361\" data-element_type=\"widget\" data-e-type=\"widget\" data-widget_type=\"tabs.default\">\n\t\t\t\t<div class=\"elementor-widget-container\">\n\t\t\t\t\t\t\t<div class=\"elementor-tabs\">\n\t\t\t<div class=\"elementor-tabs-wrapper\" role=\"tablist\" >\n\t\t\t\t\t\t\t\t\t<div id=\"elementor-tab-title-8061\" class=\"elementor-tab-title elementor-tab-desktop-title\" aria-selected=\"true\" data-tab=\"1\" role=\"tab\" tabindex=\"0\" aria-controls=\"elementor-tab-content-8061\" aria-expanded=\"false\">EDUCACI\u00d3N<\/div>\n\t\t\t\t\t\t\t\t\t<div id=\"elementor-tab-title-8062\" class=\"elementor-tab-title elementor-tab-desktop-title\" aria-selected=\"false\" data-tab=\"2\" role=\"tab\" tabindex=\"-1\" aria-controls=\"elementor-tab-content-8062\" aria-expanded=\"false\">EXPERIENCIA<\/div>\n\t\t\t\t\t\t\t\t\t<div id=\"elementor-tab-title-8063\" class=\"elementor-tab-title elementor-tab-desktop-title\" aria-selected=\"false\" data-tab=\"3\" role=\"tab\" tabindex=\"-1\" aria-controls=\"elementor-tab-content-8063\" aria-expanded=\"false\">CONTACTO<\/div>\n\t\t\t\t\t\t\t<\/div>\n\t\t\t<div class=\"elementor-tabs-content-wrapper\" role=\"tablist\" aria-orientation=\"vertical\">\n\t\t\t\t\t\t\t\t\t<div class=\"elementor-tab-title elementor-tab-mobile-title\" aria-selected=\"true\" data-tab=\"1\" role=\"tab\" tabindex=\"0\" aria-controls=\"elementor-tab-content-8061\" aria-expanded=\"false\">EDUCACI\u00d3N<\/div>\n\t\t\t\t\t<div id=\"elementor-tab-content-8061\" class=\"elementor-tab-content elementor-clearfix\" data-tab=\"1\" role=\"tabpanel\" aria-labelledby=\"elementor-tab-title-8061\" tabindex=\"0\" hidden=\"false\"><ul><li>Abogogado &#8211; Universidad Externado<\/li><li>Especializaci\u00f3n Derecho Comercial. &#8211; Universidad Javeriana<\/li><li>Diplomado Crisis empresarial &#8211; Universidad externado<\/li><li>Maestr\u00eda Propiedad Intelectual\u00a0 (en curso). &#8211; Universidad Externado.<\/li><\/ul><\/div>\n\t\t\t\t\t\t\t\t\t<div class=\"elementor-tab-title elementor-tab-mobile-title\" aria-selected=\"false\" data-tab=\"2\" role=\"tab\" tabindex=\"-1\" aria-controls=\"elementor-tab-content-8062\" aria-expanded=\"false\">EXPERIENCIA<\/div>\n\t\t\t\t\t<div id=\"elementor-tab-content-8062\" class=\"elementor-tab-content elementor-clearfix\" data-tab=\"2\" role=\"tabpanel\" aria-labelledby=\"elementor-tab-title-8062\" tabindex=\"0\" hidden=\"hidden\"><ul><li>Abogado Archila Abogados<\/li><li>Organizaci\u00f3n Sanabria &amp; CIA \u2013 Abogado<\/li><li>Gonzalez parra &amp; Asociados &#8211; Abogado<\/li><li>Serna &amp; Rojas Asociados S.A.S &#8211; Asistente jur\u00eddico<\/li><li>Aeron\u00e1utica Civil \u2013 Judicante<\/li><li>Universidad Externado de Colombia- Asistente de investigaci\u00f3n Departamento de seguridad social y mercado de trabajo<\/li><li>Consejo de Estado Secci\u00f3n Tercera &#8211; Practicante<\/li><li>\u00a0<\/li><\/ul><\/div>\n\t\t\t\t\t\t\t\t\t<div class=\"elementor-tab-title elementor-tab-mobile-title\" aria-selected=\"false\" data-tab=\"3\" role=\"tab\" tabindex=\"-1\" aria-controls=\"elementor-tab-content-8063\" aria-expanded=\"false\">CONTACTO<\/div>\n\t\t\t\t\t<div id=\"elementor-tab-content-8063\" class=\"elementor-tab-content elementor-clearfix\" data-tab=\"3\" role=\"tabpanel\" aria-labelledby=\"elementor-tab-title-8063\" tabindex=\"0\" hidden=\"hidden\"><p><span style=\"color: var( --e-global-color-kadence3 ); background-color: transparent; font-family: var(--global-body-font-family);\"><a href=\"mailto:dsegura@archilaabogados.com\">dsegura@archilaabogados.com<\/a><br \/><\/span>+57 (300) 775-7318<\/p><\/div>\n\t\t\t\t\t\t\t<\/div>\n\t\t<\/div>\n\t\t\t\t\t\t<\/div>\n\t\t\t\t<\/div>\n\t\t\t\t\t<\/div>\n\t\t<\/div>\n\t\t\t\t\t<\/div>\n\t\t<\/section>\n\t\t\t\t<\/div>","protected":false},"excerpt":{"rendered":"<p>Sof\u00eda Su\u00e1rez Correa Estudiante de derecho y administraci\u00f3n de empresas de la Pontificia Universidad javeriana de Bogot\u00e1, con \u00e9nfasis en derecho comercial internacional y derecho de da\u00f1os. Ha participado en varios espacios acad\u00e9micos, como el semillero de derecho de derecho procesal y la cl\u00ednica jur\u00eddica de derecho y territorio de la Universidad Javeriana; y ha&#8230;<\/p>","protected":false},"author":1,"featured_media":0,"parent":0,"menu_order":0,"comment_status":"closed","ping_status":"closed","template":"","meta":{"_kad_post_transparent":"","_kad_post_title":"hide","_kad_post_layout":"fullwidth","_kad_post_sidebar_id":"","_kad_post_content_style":"unboxed","_kad_post_vertical_padding":"hide","_kad_post_feature":"hide","_kad_post_feature_position":"","_kad_post_header":false,"_kad_post_footer":false,"footnotes":""},"class_list":["post-4431","page","type-page","status-publish","hentry"],"yoast_head":"<!-- This site is optimized with the Yoast SEO plugin v27.4 - https:\/\/yoast.com\/product\/yoast-seo-wordpress\/ -->\n<title>Sof\u00eda Su\u00e1rez Correa - Archila Abogados<\/title>\n<meta name=\"robots\" content=\"index, follow, max-snippet:-1, max-image-preview:large, max-video-preview:-1\" \/>\n<link rel=\"canonical\" href=\"https:\/\/archilaabogados.com\/en\/sofia-suarez-correa\/\" \/>\n<meta property=\"og:locale\" content=\"en_US\" \/>\n<meta property=\"og:type\" content=\"article\" \/>\n<meta property=\"og:title\" content=\"Sof\u00eda Su\u00e1rez Correa - Archila Abogados\" \/>\n<meta property=\"og:description\" content=\"Sof\u00eda Su\u00e1rez Correa Estudiante de derecho y administraci\u00f3n de empresas de la Pontificia Universidad javeriana de Bogot\u00e1, con \u00e9nfasis en derecho comercial internacional y derecho de da\u00f1os. Ha participado en varios espacios acad\u00e9micos, como el semillero de derecho de derecho procesal y la cl\u00ednica jur\u00eddica de derecho y territorio de la Universidad Javeriana; y ha...\" \/>\n<meta property=\"og:url\" content=\"https:\/\/archilaabogados.com\/en\/sofia-suarez-correa\/\" \/>\n<meta property=\"og:site_name\" content=\"Archila Abogados\" \/>\n<meta property=\"article:modified_time\" content=\"2023-12-01T10:21:35+00:00\" \/>\n<meta property=\"og:image\" content=\"http:\/\/archilaabogados.com\/wp-content\/uploads\/2022\/07\/David-Segura-1024x410.jpg\" \/>\n<meta name=\"twitter:card\" content=\"summary_large_image\" \/>\n<meta name=\"twitter:label1\" content=\"Est. reading time\" \/>\n\t<meta name=\"twitter:data1\" content=\"1 minute\" \/>\n<script type=\"application\/ld+json\" class=\"yoast-schema-graph\">{\"@context\":\"https:\\\/\\\/schema.org\",\"@graph\":[{\"@type\":\"WebPage\",\"@id\":\"https:\\\/\\\/archilaabogados.com\\\/sofia-suarez-correa\\\/\",\"url\":\"https:\\\/\\\/archilaabogados.com\\\/sofia-suarez-correa\\\/\",\"name\":\"Sof\u00eda Su\u00e1rez Correa - Archila Abogados\",\"isPartOf\":{\"@id\":\"https:\\\/\\\/archilaabogados.com\\\/#website\"},\"primaryImageOfPage\":{\"@id\":\"https:\\\/\\\/archilaabogados.com\\\/sofia-suarez-correa\\\/#primaryimage\"},\"image\":{\"@id\":\"https:\\\/\\\/archilaabogados.com\\\/sofia-suarez-correa\\\/#primaryimage\"},\"thumbnailUrl\":\"http:\\\/\\\/archilaabogados.com\\\/wp-content\\\/uploads\\\/2022\\\/07\\\/David-Segura-1024x410.jpg\",\"datePublished\":\"2023-12-01T10:19:48+00:00\",\"dateModified\":\"2023-12-01T10:21:35+00:00\",\"breadcrumb\":{\"@id\":\"https:\\\/\\\/archilaabogados.com\\\/sofia-suarez-correa\\\/#breadcrumb\"},\"inLanguage\":\"en-US\",\"potentialAction\":[{\"@type\":\"ReadAction\",\"target\":[\"https:\\\/\\\/archilaabogados.com\\\/sofia-suarez-correa\\\/\"]}]},{\"@type\":\"ImageObject\",\"inLanguage\":\"en-US\",\"@id\":\"https:\\\/\\\/archilaabogados.com\\\/sofia-suarez-correa\\\/#primaryimage\",\"url\":\"http:\\\/\\\/archilaabogados.com\\\/wp-content\\\/uploads\\\/2022\\\/07\\\/David-Segura-1024x410.jpg\",\"contentUrl\":\"http:\\\/\\\/archilaabogados.com\\\/wp-content\\\/uploads\\\/2022\\\/07\\\/David-Segura-1024x410.jpg\"},{\"@type\":\"BreadcrumbList\",\"@id\":\"https:\\\/\\\/archilaabogados.com\\\/sofia-suarez-correa\\\/#breadcrumb\",\"itemListElement\":[{\"@type\":\"ListItem\",\"position\":1,\"name\":\"Home\",\"item\":\"https:\\\/\\\/archilaabogados.com\\\/\"},{\"@type\":\"ListItem\",\"position\":2,\"name\":\"Sof\u00eda Su\u00e1rez Correa\"}]},{\"@type\":\"WebSite\",\"@id\":\"https:\\\/\\\/archilaabogados.com\\\/#website\",\"url\":\"https:\\\/\\\/archilaabogados.com\\\/\",\"name\":\"Archila Abogados\",\"description\":\"Servicios legales\",\"potentialAction\":[{\"@type\":\"SearchAction\",\"target\":{\"@type\":\"EntryPoint\",\"urlTemplate\":\"https:\\\/\\\/archilaabogados.com\\\/?s={search_term_string}\"},\"query-input\":{\"@type\":\"PropertyValueSpecification\",\"valueRequired\":true,\"valueName\":\"search_term_string\"}}],\"inLanguage\":\"en-US\"}]}<\/script>\n<!-- \/ Yoast SEO plugin. -->","yoast_head_json":{"title":"Sof\u00eda Su\u00e1rez Correa - Archila Abogados","robots":{"index":"index","follow":"follow","max-snippet":"max-snippet:-1","max-image-preview":"max-image-preview:large","max-video-preview":"max-video-preview:-1"},"canonical":"https:\/\/archilaabogados.com\/en\/sofia-suarez-correa\/","og_locale":"en_US","og_type":"article","og_title":"Sof\u00eda Su\u00e1rez Correa - Archila Abogados","og_description":"Sof\u00eda Su\u00e1rez Correa Estudiante de derecho y administraci\u00f3n de empresas de la Pontificia Universidad javeriana de Bogot\u00e1, con \u00e9nfasis en derecho comercial internacional y derecho de da\u00f1os. Ha participado en varios espacios acad\u00e9micos, como el semillero de derecho de derecho procesal y la cl\u00ednica jur\u00eddica de derecho y territorio de la Universidad Javeriana; y ha...","og_url":"https:\/\/archilaabogados.com\/en\/sofia-suarez-correa\/","og_site_name":"Archila Abogados","article_modified_time":"2023-12-01T10:21:35+00:00","og_image":[{"url":"http:\/\/archilaabogados.com\/wp-content\/uploads\/2022\/07\/David-Segura-1024x410.jpg","type":"","width":"","height":""}],"twitter_card":"summary_large_image","twitter_misc":{"Est. reading time":"1 minute"},"schema":{"@context":"https:\/\/schema.org","@graph":[{"@type":"WebPage","@id":"https:\/\/archilaabogados.com\/sofia-suarez-correa\/","url":"https:\/\/archilaabogados.com\/sofia-suarez-correa\/","name":"Sof\u00eda Su\u00e1rez Correa - Archila Abogados","isPartOf":{"@id":"https:\/\/archilaabogados.com\/#website"},"primaryImageOfPage":{"@id":"https:\/\/archilaabogados.com\/sofia-suarez-correa\/#primaryimage"},"image":{"@id":"https:\/\/archilaabogados.com\/sofia-suarez-correa\/#primaryimage"},"thumbnailUrl":"http:\/\/archilaabogados.com\/wp-content\/uploads\/2022\/07\/David-Segura-1024x410.jpg","datePublished":"2023-12-01T10:19:48+00:00","dateModified":"2023-12-01T10:21:35+00:00","breadcrumb":{"@id":"https:\/\/archilaabogados.com\/sofia-suarez-correa\/#breadcrumb"},"inLanguage":"en-US","potentialAction":[{"@type":"ReadAction","target":["https:\/\/archilaabogados.com\/sofia-suarez-correa\/"]}]},{"@type":"ImageObject","inLanguage":"en-US","@id":"https:\/\/archilaabogados.com\/sofia-suarez-correa\/#primaryimage","url":"http:\/\/archilaabogados.com\/wp-content\/uploads\/2022\/07\/David-Segura-1024x410.jpg","contentUrl":"http:\/\/archilaabogados.com\/wp-content\/uploads\/2022\/07\/David-Segura-1024x410.jpg"},{"@type":"BreadcrumbList","@id":"https:\/\/archilaabogados.com\/sofia-suarez-correa\/#breadcrumb","itemListElement":[{"@type":"ListItem","position":1,"name":"Home","item":"https:\/\/archilaabogados.com\/"},{"@type":"ListItem","position":2,"name":"Sof\u00eda Su\u00e1rez Correa"}]},{"@type":"WebSite","@id":"https:\/\/archilaabogados.com\/#website","url":"https:\/\/archilaabogados.com\/","name":"Archila Abogados","description":"Servicios legales","potentialAction":[{"@type":"SearchAction","target":{"@type":"EntryPoint","urlTemplate":"https:\/\/archilaabogados.com\/?s={search_term_string}"},"query-input":{"@type":"PropertyValueSpecification","valueRequired":true,"valueName":"search_term_string"}}],"inLanguage":"en-US"}]}},"_links":{"self":[{"href":"https:\/\/archilaabogados.com\/en\/wp-json\/wp\/v2\/pages\/4431","targetHints":{"allow":["GET"]}}],"collection":[{"href":"https:\/\/archilaabogados.com\/en\/wp-json\/wp\/v2\/pages"}],"about":[{"href":"https:\/\/archilaabogados.com\/en\/wp-json\/wp\/v2\/types\/page"}],"author":[{"embeddable":true,"href":"https:\/\/archilaabogados.com\/en\/wp-json\/wp\/v2\/users\/1"}],"replies":[{"embeddable":true,"href":"https:\/\/archilaabogados.com\/en\/wp-json\/wp\/v2\/comments?post=4431"}],"version-history":[{"count":4,"href":"https:\/\/archilaabogados.com\/en\/wp-json\/wp\/v2\/pages\/4431\/revisions"}],"predecessor-version":[{"id":4435,"href":"https:\/\/archilaabogados.com\/en\/wp-json\/wp\/v2\/pages\/4431\/revisions\/4435"}],"wp:attachment":[{"href":"https:\/\/archilaabogados.com\/en\/wp-json\/wp\/v2\/media?parent=4431"}],"curies":[{"name":"wp","href":"https:\/\/api.w.org\/{rel}","templated":true}]}}